{"id":10364,"date":"2022-05-04T16:58:19","date_gmt":"2022-05-04T15:58:19","guid":{"rendered":"https:\/\/eventsmadeira.com\/?post_type=event&#038;p=10364"},"modified":"2026-04-29T17:03:10","modified_gmt":"2026-04-29T16:03:10","slug":"madeira-flower-classic-auto-parade","status":"publish","type":"event","link":"https:\/\/eventsmadeira.com\/en\/event\/madeira-flower-classic-auto-parade\/","title":{"rendered":"Madeira Flower Classic Auto Parade"},"content":{"rendered":"\n<p>The Madeira Flower Classic Auto Parade 2026 showcases 350 vehicles, including classic cars and bicycles, complemented by several hundred participants dressed in costumes featuring floral motifs.<\/p>\n\n\n\n<p>This event combines the glamour of classic cars with Madeira\u2019s flowers, adding an automotive dimension to the Flower Festival, where visitors and residents have a unique opportunity to admire some of the Region\u2019s finest vehicles and automotive components in action.<\/p>\n\n\n\n<p>Itinerary: Departure from Avenida Francisco S\u00e1 Carneiro, Avenida do Mar e das Comunidades Madeirenses (north lane) until Pra\u00e7a da Autonomia, Avenida do Mar e das Comunidades Madeirenses (south lane), Avenida Francisco S\u00e1 Carneiro, Harvey Foster Roundabout.<br><br><strong><strong>Display along Avenida Francisco S\u00e1 Carneiro, until 18:30<\/strong><\/strong><br><br>+info: <a href=\"https:\/\/www.cacm.pt\/eventos\/\" target=\"_blank\" rel=\"noreferrer noopener\">Oficial Website<\/a>,\u00a0<a href=\"https:\/\/www.facebook.com\/ClubeDeAutomoveisClassicosDaMadeira\" target=\"_blank\" rel=\"noreferrer noopener\">Facebook,<\/a>\u00a0<a href=\"https:\/\/www.youtube.com\/channel\/UCyHXkIeR2ICSbXkyJ6LHQaA\" target=\"_blank\" rel=\"noreferrer noopener\">Youtube<\/a><br><\/p>\n\n\n\n<figure class=\"wp-block-embed is-type-video is-provider-youtube wp-block-embed-youtube wp-embed-aspect-16-9 wp-has-aspect-ratio\"><div class=\"wp-block-embed__wrapper\">\n<iframe loading=\"lazy\" title=\"MADEIRA FLOWER CLASSIC AUTO PARADE\" width=\"500\" height=\"281\" src=\"https:\/\/www.youtube.com\/embed\/tbD67Fg6CLw?feature=oembed\" frameborder=\"0\" allow=\"accelerometer; autoplay; clipboard-write; encrypted-media; gyroscope; picture-in-picture; web-share\" referrerpolicy=\"strict-origin-when-cross-origin\" allowfullscreen><\/iframe>\n<\/div><\/figure>\n\n\n\n<p><\/p>\n\n\n\n<div aria-label=\"Carousel Gallery\" class=\"wp-block-coblocks-gallery-carousel alignfull\"><div class=\"is-cropped coblocks-gallery has-caption-style-dark has-horizontal-gutter has-no-thumbnails\"><div class=\"has-carousel has-carousel-lrg swiper-container\" id=\"12345\" style=\"height:400px\"><div class=\"swiper-wrapper\" id=\"swiper-wrapper\"><div class=\"swiper-slide\"><div class=\"coblocks-gallery--item\" role=\"button\"><figure class=\"coblocks-gallery--figure has-margin-left-5 has-margin-left-mobile-5 has-margin-right-5 has-margin-right-mobile-5\"><img loading=\"lazy\" decoding=\"async\" width=\"1200\" height=\"800\" alt=\"\" class=\"wp-image-12549\" data-id=\"12549\" data-link=\"https:\/\/eventsmadeira.com\/evento\/madeira-flower-classic-auto-parade\/madeira-flower-auto-parade082andreferreira-1\/\" src=\"https:\/\/eventsmadeira.com\/oordypsa\/2023\/01\/Madeira-Flower-Auto-Parade082\u00a9AndreFerreira-1.jpg\" srcset=\"https:\/\/eventsmadeira.com\/oordypsa\/2023\/01\/Madeira-Flower-Auto-Parade082\u00a9AndreFerreira-1.jpg 1200w, https:\/\/eventsmadeira.com\/oordypsa\/2023\/01\/Madeira-Flower-Auto-Parade082\u00a9AndreFerreira-1-700x468.jpg 700w, https:\/\/eventsmadeira.com\/oordypsa\/2023\/01\/Madeira-Flower-Auto-Parade082\u00a9AndreFerreira-1-1024x683.jpg 1024w, https:\/\/eventsmadeira.com\/oordypsa\/2023\/01\/Madeira-Flower-Auto-Parade082\u00a9AndreFerreira-1-768x512.jpg 768w\" sizes=\"auto, (max-width: 1200px) 100vw, 1200px\" \/><\/figure><figcaption class=\"coblocks-gallery--caption coblocks-gallery--primary-caption\"><\/figcaption><\/div><\/div><div class=\"swiper-slide\"><div class=\"coblocks-gallery--item\" role=\"button\"><figure class=\"coblocks-gallery--figure has-margin-left-5 has-margin-left-mobile-5 has-margin-right-5 has-margin-right-mobile-5\"><img loading=\"lazy\" decoding=\"async\" width=\"1200\" height=\"800\" alt=\"\" class=\"wp-image-12551\" data-id=\"12551\" data-link=\"https:\/\/eventsmadeira.com\/evento\/madeira-flower-classic-auto-parade\/madeira-flower-auto-parade046andreferreira-1\/\" src=\"https:\/\/eventsmadeira.com\/oordypsa\/2023\/01\/Madeira-Flower-Auto-Parade046\u00a9AndreFerreira-1.jpg\" srcset=\"https:\/\/eventsmadeira.com\/oordypsa\/2023\/01\/Madeira-Flower-Auto-Parade046\u00a9AndreFerreira-1.jpg 1200w, https:\/\/eventsmadeira.com\/oordypsa\/2023\/01\/Madeira-Flower-Auto-Parade046\u00a9AndreFerreira-1-700x468.jpg 700w, https:\/\/eventsmadeira.com\/oordypsa\/2023\/01\/Madeira-Flower-Auto-Parade046\u00a9AndreFerreira-1-1024x683.jpg 1024w, https:\/\/eventsmadeira.com\/oordypsa\/2023\/01\/Madeira-Flower-Auto-Parade046\u00a9AndreFerreira-1-768x512.jpg 768w\" sizes=\"auto, (max-width: 1200px) 100vw, 1200px\" \/><\/figure><figcaption class=\"coblocks-gallery--caption coblocks-gallery--primary-caption\"><\/figcaption><\/div><\/div><div class=\"swiper-slide\"><div class=\"coblocks-gallery--item\" role=\"button\"><figure class=\"coblocks-gallery--figure has-margin-left-5 has-margin-left-mobile-5 has-margin-right-5 has-margin-right-mobile-5\"><img loading=\"lazy\" decoding=\"async\" width=\"1200\" height=\"800\" alt=\"\" class=\"wp-image-12555\" data-id=\"12555\" data-link=\"https:\/\/eventsmadeira.com\/evento\/madeira-flower-classic-auto-parade\/madeira-flower-auto-parade036andreferreira-1\/\" src=\"https:\/\/eventsmadeira.com\/oordypsa\/2023\/01\/Madeira-Flower-Auto-Parade036\u00a9AndreFerreira-1.jpg\" srcset=\"https:\/\/eventsmadeira.com\/oordypsa\/2023\/01\/Madeira-Flower-Auto-Parade036\u00a9AndreFerreira-1.jpg 1200w, https:\/\/eventsmadeira.com\/oordypsa\/2023\/01\/Madeira-Flower-Auto-Parade036\u00a9AndreFerreira-1-700x468.jpg 700w, https:\/\/eventsmadeira.com\/oordypsa\/2023\/01\/Madeira-Flower-Auto-Parade036\u00a9AndreFerreira-1-1024x683.jpg 1024w, https:\/\/eventsmadeira.com\/oordypsa\/2023\/01\/Madeira-Flower-Auto-Parade036\u00a9AndreFerreira-1-768x512.jpg 768w\" sizes=\"auto, (max-width: 1200px) 100vw, 1200px\" \/><\/figure><figcaption class=\"coblocks-gallery--caption coblocks-gallery--primary-caption\"><\/figcaption><\/div><\/div><div class=\"swiper-slide\"><div class=\"coblocks-gallery--item\" role=\"button\"><figure class=\"coblocks-gallery--figure has-margin-left-5 has-margin-left-mobile-5 has-margin-right-5 has-margin-right-mobile-5\"><img loading=\"lazy\" decoding=\"async\" width=\"1024\" height=\"684\" alt=\"\" class=\"wp-image-12557\" data-id=\"12557\" data-link=\"https:\/\/eventsmadeira.com\/evento\/madeira-flower-classic-auto-parade\/2022_05_15jam_9168_16h_52m46s_24-mm_nikon-d810_camera_2034035_iso-64-1\/\" src=\"https:\/\/eventsmadeira.com\/oordypsa\/2023\/01\/2022_05_15JAM_9168_16h_52m46s_24-mm_NIKON-D810_CAMERA_2034035_ISO-64-1-1024x684.jpg\" srcset=\"https:\/\/eventsmadeira.com\/oordypsa\/2023\/01\/2022_05_15JAM_9168_16h_52m46s_24-mm_NIKON-D810_CAMERA_2034035_ISO-64-1-1024x684.jpg 1024w, https:\/\/eventsmadeira.com\/oordypsa\/2023\/01\/2022_05_15JAM_9168_16h_52m46s_24-mm_NIKON-D810_CAMERA_2034035_ISO-64-1-700x468.jpg 700w, https:\/\/eventsmadeira.com\/oordypsa\/2023\/01\/2022_05_15JAM_9168_16h_52m46s_24-mm_NIKON-D810_CAMERA_2034035_ISO-64-1-768x513.jpg 768w, https:\/\/eventsmadeira.com\/oordypsa\/2023\/01\/2022_05_15JAM_9168_16h_52m46s_24-mm_NIKON-D810_CAMERA_2034035_ISO-64-1.jpg 1200w\" sizes=\"auto, (max-width: 1024px) 100vw, 1024px\" \/><\/figure><figcaption class=\"coblocks-gallery--caption coblocks-gallery--primary-caption\"><\/figcaption><\/div><\/div><\/div><button class=\"nav-button__prev\" id=\"12345-prev\"><\/button><button class=\"nav-button__next\" id=\"12345-next\"><\/button><\/div><\/div><\/div>\n","protected":false},"excerpt":{"rendered":"<p>The Madeira Flower Classic Auto Parade 2026 showcases 350 vehicles, including classic cars and bicycles, complemented by several hundred participants dressed in costumes featuring floral motifs. This event combines the glamour of classic cars with Madeira\u2019s flowers, adding an automotive&#8230;<\/p>\n","protected":false},"author":2,"featured_media":23538,"comment_status":"closed","ping_status":"closed","template":"","meta":{"_coblocks_attr":"","_coblocks_dimensions":"","_coblocks_responsive_height":"","_coblocks_accordion_ie_support":"","footnotes":""},"eventcat":[232,253,236,252,247],"organizer":[],"event_tags":[256,297],"location":[275,295],"class_list":["post-10364","event","type-event","status-publish","has-post-thumbnail","hentry","eventcat-antiguidades","eventcat-antiques","eventcat-desfile","eventcat-official-poster","eventcat-parade","event_tags-festa-da-flor","event_tags-flower-festival","location-funchal","location-funchal-en"],"yoast_head":"\n<title>Madeira Flower Classic Auto Parade - Events Madeira<\/title>\n<meta name=\"robots\" content=\"index, follow, max-snippet:-1, max-image-preview:large, max-video-preview:-1\" \/>\n<link rel=\"canonical\" href=\"https:\/\/eventsmadeira.com\/en\/event\/madeira-flower-classic-auto-parade\/\" \/>\n<meta property=\"og:locale\" content=\"en_US\" \/>\n<meta property=\"og:type\" content=\"article\" \/>\n<meta property=\"og:title\" content=\"Madeira Flower Classic Auto Parade - Events Madeira\" \/>\n<meta property=\"og:description\" content=\"The Madeira Flower Classic Auto Parade 2026 showcases 350 vehicles, including classic cars and bicycles, complemented by several hundred participants dressed in costumes featuring floral motifs. This event combines the glamour of classic cars with Madeira\u2019s flowers, adding an automotive...\" \/>\n<meta property=\"og:url\" content=\"https:\/\/eventsmadeira.com\/en\/event\/madeira-flower-classic-auto-parade\/\" \/>\n<meta property=\"og:site_name\" content=\"Events Madeira\" \/>\n<meta property=\"article:modified_time\" content=\"2026-04-29T16:03:10+00:00\" \/>\n<meta property=\"og:image\" content=\"https:\/\/eventsmadeira.com\/oordypsa\/2022\/05\/Madeira-Classic-Auto-Parade_1030x650.jpg\" \/>\n\t<meta property=\"og:image:width\" content=\"1130\" \/>\n\t<meta property=\"og:image:height\" content=\"650\" \/>\n\t<meta property=\"og:image:type\" content=\"image\/jpeg\" \/>\n<meta name=\"twitter:card\" content=\"summary_large_image\" \/>\n<meta name=\"twitter:label1\" content=\"Est. reading time\" \/>\n\t<meta name=\"twitter:data1\" content=\"2 minutes\" \/>\n<script type=\"application\/ld+json\" class=\"yoast-schema-graph\">{\"@context\":\"https:\/\/schema.org\",\"@graph\":[{\"@type\":\"WebPage\",\"@id\":\"https:\/\/eventsmadeira.com\/en\/event\/madeira-flower-classic-auto-parade\/\",\"url\":\"https:\/\/eventsmadeira.com\/en\/event\/madeira-flower-classic-auto-parade\/\",\"name\":\"Madeira Flower Classic Auto Parade - Events Madeira\",\"isPartOf\":{\"@id\":\"https:\/\/eventsmadeira.com\/en\/#website\"},\"primaryImageOfPage\":{\"@id\":\"https:\/\/eventsmadeira.com\/en\/event\/madeira-flower-classic-auto-parade\/#primaryimage\"},\"image\":{\"@id\":\"https:\/\/eventsmadeira.com\/en\/event\/madeira-flower-classic-auto-parade\/#primaryimage\"},\"thumbnailUrl\":\"https:\/\/eventsmadeira.com\/oordypsa\/2022\/05\/Madeira-Classic-Auto-Parade_1030x650.jpg\",\"datePublished\":\"2022-05-04T15:58:19+00:00\",\"dateModified\":\"2026-04-29T16:03:10+00:00\",\"breadcrumb\":{\"@id\":\"https:\/\/eventsmadeira.com\/en\/event\/madeira-flower-classic-auto-parade\/#breadcrumb\"},\"inLanguage\":\"en-US\",\"potentialAction\":[{\"@type\":\"ReadAction\",\"target\":[\"https:\/\/eventsmadeira.com\/en\/event\/madeira-flower-classic-auto-parade\/\"]}]},{\"@type\":\"ImageObject\",\"inLanguage\":\"en-US\",\"@id\":\"https:\/\/eventsmadeira.com\/en\/event\/madeira-flower-classic-auto-parade\/#primaryimage\",\"url\":\"https:\/\/eventsmadeira.com\/oordypsa\/2022\/05\/Madeira-Classic-Auto-Parade_1030x650.jpg\",\"contentUrl\":\"https:\/\/eventsmadeira.com\/oordypsa\/2022\/05\/Madeira-Classic-Auto-Parade_1030x650.jpg\",\"width\":1130,\"height\":650},{\"@type\":\"BreadcrumbList\",\"@id\":\"https:\/\/eventsmadeira.com\/en\/event\/madeira-flower-classic-auto-parade\/#breadcrumb\",\"itemListElement\":[{\"@type\":\"ListItem\",\"position\":1,\"name\":\"Home\",\"item\":\"https:\/\/eventsmadeira.com\/en\/\"},{\"@type\":\"ListItem\",\"position\":2,\"name\":\"Events\",\"item\":\"https:\/\/eventsmadeira.com\/en\/event\/\"},{\"@type\":\"ListItem\",\"position\":3,\"name\":\"Madeira Flower Classic Auto Parade\"}]},{\"@type\":\"WebSite\",\"@id\":\"https:\/\/eventsmadeira.com\/en\/#website\",\"url\":\"https:\/\/eventsmadeira.com\/en\/\",\"name\":\"Events Madeira\",\"description\":\"\",\"potentialAction\":[{\"@type\":\"SearchAction\",\"target\":{\"@type\":\"EntryPoint\",\"urlTemplate\":\"https:\/\/eventsmadeira.com\/en\/?s={search_term_string}\"},\"query-input\":{\"@type\":\"PropertyValueSpecification\",\"valueRequired\":true,\"valueName\":\"search_term_string\"}}],\"inLanguage\":\"en-US\"}]}<\/script>\n","yoast_head_json":{"title":"Madeira Flower Classic Auto Parade - Events Madeira","robots":{"index":"index","follow":"follow","max-snippet":"max-snippet:-1","max-image-preview":"max-image-preview:large","max-video-preview":"max-video-preview:-1"},"canonical":"https:\/\/eventsmadeira.com\/en\/event\/madeira-flower-classic-auto-parade\/","og_locale":"en_US","og_type":"article","og_title":"Madeira Flower Classic Auto Parade - Events Madeira","og_description":"The Madeira Flower Classic Auto Parade 2026 showcases 350 vehicles, including classic cars and bicycles, complemented by several hundred participants dressed in costumes featuring floral motifs. This event combines the glamour of classic cars with Madeira\u2019s flowers, adding an automotive...","og_url":"https:\/\/eventsmadeira.com\/en\/event\/madeira-flower-classic-auto-parade\/","og_site_name":"Events Madeira","article_modified_time":"2026-04-29T16:03:10+00:00","og_image":[{"width":1130,"height":650,"url":"https:\/\/eventsmadeira.com\/oordypsa\/2022\/05\/Madeira-Classic-Auto-Parade_1030x650.jpg","type":"image\/jpeg"}],"twitter_card":"summary_large_image","twitter_misc":{"Est. reading time":"2 minutes"},"schema":{"@context":"https:\/\/schema.org","@graph":[{"@type":"WebPage","@id":"https:\/\/eventsmadeira.com\/en\/event\/madeira-flower-classic-auto-parade\/","url":"https:\/\/eventsmadeira.com\/en\/event\/madeira-flower-classic-auto-parade\/","name":"Madeira Flower Classic Auto Parade - Events Madeira","isPartOf":{"@id":"https:\/\/eventsmadeira.com\/en\/#website"},"primaryImageOfPage":{"@id":"https:\/\/eventsmadeira.com\/en\/event\/madeira-flower-classic-auto-parade\/#primaryimage"},"image":{"@id":"https:\/\/eventsmadeira.com\/en\/event\/madeira-flower-classic-auto-parade\/#primaryimage"},"thumbnailUrl":"https:\/\/eventsmadeira.com\/oordypsa\/2022\/05\/Madeira-Classic-Auto-Parade_1030x650.jpg","datePublished":"2022-05-04T15:58:19+00:00","dateModified":"2026-04-29T16:03:10+00:00","breadcrumb":{"@id":"https:\/\/eventsmadeira.com\/en\/event\/madeira-flower-classic-auto-parade\/#breadcrumb"},"inLanguage":"en-US","potentialAction":[{"@type":"ReadAction","target":["https:\/\/eventsmadeira.com\/en\/event\/madeira-flower-classic-auto-parade\/"]}]},{"@type":"ImageObject","inLanguage":"en-US","@id":"https:\/\/eventsmadeira.com\/en\/event\/madeira-flower-classic-auto-parade\/#primaryimage","url":"https:\/\/eventsmadeira.com\/oordypsa\/2022\/05\/Madeira-Classic-Auto-Parade_1030x650.jpg","contentUrl":"https:\/\/eventsmadeira.com\/oordypsa\/2022\/05\/Madeira-Classic-Auto-Parade_1030x650.jpg","width":1130,"height":650},{"@type":"BreadcrumbList","@id":"https:\/\/eventsmadeira.com\/en\/event\/madeira-flower-classic-auto-parade\/#breadcrumb","itemListElement":[{"@type":"ListItem","position":1,"name":"Home","item":"https:\/\/eventsmadeira.com\/en\/"},{"@type":"ListItem","position":2,"name":"Events","item":"https:\/\/eventsmadeira.com\/en\/event\/"},{"@type":"ListItem","position":3,"name":"Madeira Flower Classic Auto Parade"}]},{"@type":"WebSite","@id":"https:\/\/eventsmadeira.com\/en\/#website","url":"https:\/\/eventsmadeira.com\/en\/","name":"Events Madeira","description":"","potentialAction":[{"@type":"SearchAction","target":{"@type":"EntryPoint","urlTemplate":"https:\/\/eventsmadeira.com\/en\/?s={search_term_string}"},"query-input":{"@type":"PropertyValueSpecification","valueRequired":true,"valueName":"search_term_string"}}],"inLanguage":"en-US"}]}},"_links":{"self":[{"href":"https:\/\/eventsmadeira.com\/en\/wp-json\/wp\/v2\/event\/10364","targetHints":{"allow":["GET"]}}],"collection":[{"href":"https:\/\/eventsmadeira.com\/en\/wp-json\/wp\/v2\/event"}],"about":[{"href":"https:\/\/eventsmadeira.com\/en\/wp-json\/wp\/v2\/types\/event"}],"author":[{"embeddable":true,"href":"https:\/\/eventsmadeira.com\/en\/wp-json\/wp\/v2\/users\/2"}],"replies":[{"embeddable":true,"href":"https:\/\/eventsmadeira.com\/en\/wp-json\/wp\/v2\/comments?post=10364"}],"version-history":[{"count":3,"href":"https:\/\/eventsmadeira.com\/en\/wp-json\/wp\/v2\/event\/10364\/revisions"}],"predecessor-version":[{"id":27819,"href":"https:\/\/eventsmadeira.com\/en\/wp-json\/wp\/v2\/event\/10364\/revisions\/27819"}],"wp:featuredmedia":[{"embeddable":true,"href":"https:\/\/eventsmadeira.com\/en\/wp-json\/wp\/v2\/media\/23538"}],"wp:attachment":[{"href":"https:\/\/eventsmadeira.com\/en\/wp-json\/wp\/v2\/media?parent=10364"}],"wp:term":[{"taxonomy":"eventcat","embeddable":true,"href":"https:\/\/eventsmadeira.com\/en\/wp-json\/wp\/v2\/eventcat?post=10364"},{"taxonomy":"organizer","embeddable":true,"href":"https:\/\/eventsmadeira.com\/en\/wp-json\/wp\/v2\/organizer?post=10364"},{"taxonomy":"event_tags","embeddable":true,"href":"https:\/\/eventsmadeira.com\/en\/wp-json\/wp\/v2\/event_tags?post=10364"},{"taxonomy":"location","embeddable":true,"href":"https:\/\/eventsmadeira.com\/en\/wp-json\/wp\/v2\/location?post=10364"}],"curies":[{"name":"wp","href":"https:\/\/api.w.org\/{rel}","templated":true}]}}