{"id":10727,"date":"2022-05-11T14:51:27","date_gmt":"2022-05-11T13:51:27","guid":{"rendered":"https:\/\/eventsmadeira.com\/?post_type=event&#038;p=10727"},"modified":"2026-04-15T16:40:42","modified_gmt":"2026-04-15T15:40:42","slug":"sixteenth-century-market","status":"publish","type":"event","link":"https:\/\/eventsmadeira.com\/en\/event\/sixteenth-century-market\/","title":{"rendered":"Sixteenth Century Market"},"content":{"rendered":"\n<p>Machico hosts the &#8220;Mercado Quinhentista&#8221; between <strong>June 5th to 7th<\/strong>, the 16th-century Market&#8221;, an event that evokes the historical period of the discovery of the island, which has gained a prominent cultural status.<\/p>\n\n\n\n<p>Organized by the Municipal Council of Machico and in partnership with the Elementary and Secondary Schools of Machico, this initiative takes place in Machico\u00b4s downtown at Largo da Pra\u00e7a, in Alameda Dr. Jos\u00e9 Ant\u00f3nio de Almada, and offers a number of cultural and musical activities.<\/p>\n\n\n\n<p>On 16 May, at the F\u00f3rum Machico, will be held the <a href=\"http:\/\/On 16 May, at the F\u00f3rum Machico, will be held the 18th Sixteenth century Colloquium, under the theme \u201cGentes do Povoamento: Ecos do Tombo\u201d. This academic and cultural event encourages reflection on the historical origins of Machico\u00b4s community.\" target=\"_blank\" rel=\"noreferrer noopener\">18th Sixteenth century Colloquium,<\/a> under the theme \u201cGentes do Povoamento: Ecos do Tombo\u201d. This academic and cultural event encourages reflection on the historical origins of Machico\u00b4s community.<\/p>\n\n\n\n<p>+info:&nbsp;<a href=\"https:\/\/mercadoquinhentista.com\/?fbclid=IwAR0aPCFp9jFOAfAWngRHahRxzy05KZQ1dB_R8k35GuOqQXkPmf9pL1cervQ\" target=\"_blank\" rel=\"noreferrer noopener\">Oficial website<\/a>,&nbsp;<a href=\"https:\/\/www.facebook.com\/profile.php?id=100057592743448\" target=\"_blank\" rel=\"noreferrer noopener\">Facebook<\/a><br><\/p>\n\n\n\n<figure class=\"wp-block-image size-large is-resized\"><img decoding=\"async\" src=\"https:\/\/eventsmadeira.com\/oordypsa\/2022\/05\/Mercado-Quinhentista-2026-Save-the-Date-1-819x1024.jpg\" alt=\"\" class=\"wp-image-26465\" style=\"width:835px;height:auto\"\/><\/figure>\n\n\n\n<p><br><\/p>\n\n\n\n<div aria-label=\"Carousel Gallery\" class=\"wp-block-coblocks-gallery-carousel alignfull\"><div class=\"is-cropped coblocks-gallery has-caption-style-dark has-horizontal-gutter has-no-thumbnails\"><div class=\"has-carousel has-carousel-lrg swiper-container\" data-swiper=\"{&quot;alignCells&quot;:false,&quot;autoPlay&quot;:true,&quot;autoPlaySpeed&quot;:3000,&quot;draggable&quot;:false,&quot;freeScroll&quot;:false,&quot;loop&quot;:false,&quot;navigation&quot;:true,&quot;pageDots&quot;:false,&quot;pauseHover&quot;:false,&quot;responsiveHeight&quot;:false,&quot;slidesPerView&quot;:2,&quot;thumbnails&quot;:false,&quot;uuid&quot;:&quot;12345&quot;}\" id=\"12345\" style=\"height:400px\"><div class=\"swiper-wrapper\" id=\"swiper-wrapper\"><div class=\"swiper-slide\"><div class=\"coblocks-gallery--item\" role=\"button\"><figure class=\"coblocks-gallery--figure has-margin-left-5 has-margin-left-mobile-5 has-margin-right-5 has-margin-right-mobile-5\"><img loading=\"lazy\" decoding=\"async\" width=\"1024\" height=\"684\" alt=\"\" class=\"wp-image-10981\" data-id=\"10981\" data-link=\"https:\/\/eventsmadeira.com\/evento\/mercado-quinhentista\/07062019_171418_dsc_0736\/\" src=\"https:\/\/eventsmadeira.com\/oordypsa\/2022\/05\/07062019_171418_DSC_0736-1024x684.jpg\" srcset=\"https:\/\/eventsmadeira.com\/oordypsa\/2022\/05\/07062019_171418_DSC_0736-1024x684.jpg 1024w, https:\/\/eventsmadeira.com\/oordypsa\/2022\/05\/07062019_171418_DSC_0736-700x468.jpg 700w, https:\/\/eventsmadeira.com\/oordypsa\/2022\/05\/07062019_171418_DSC_0736-768x513.jpg 768w, https:\/\/eventsmadeira.com\/oordypsa\/2022\/05\/07062019_171418_DSC_0736.jpg 1200w\" sizes=\"auto, (max-width: 1024px) 100vw, 1024px\" \/><\/figure><figcaption class=\"coblocks-gallery--caption coblocks-gallery--primary-caption\"><\/figcaption><\/div><\/div><div class=\"swiper-slide\"><div class=\"coblocks-gallery--item\" role=\"button\"><figure class=\"coblocks-gallery--figure has-margin-left-5 has-margin-left-mobile-5 has-margin-right-5 has-margin-right-mobile-5\"><img loading=\"lazy\" decoding=\"async\" width=\"1024\" height=\"684\" alt=\"\" class=\"wp-image-10983\" data-id=\"10983\" data-link=\"https:\/\/eventsmadeira.com\/evento\/mercado-quinhentista\/08062019_162954_dsc_1402\/\" src=\"https:\/\/eventsmadeira.com\/oordypsa\/2022\/05\/08062019_162954_DSC_1402-1024x684.jpg\" srcset=\"https:\/\/eventsmadeira.com\/oordypsa\/2022\/05\/08062019_162954_DSC_1402-1024x684.jpg 1024w, https:\/\/eventsmadeira.com\/oordypsa\/2022\/05\/08062019_162954_DSC_1402-700x468.jpg 700w, https:\/\/eventsmadeira.com\/oordypsa\/2022\/05\/08062019_162954_DSC_1402-768x513.jpg 768w, https:\/\/eventsmadeira.com\/oordypsa\/2022\/05\/08062019_162954_DSC_1402.jpg 1200w\" sizes=\"auto, (max-width: 1024px) 100vw, 1024px\" \/><\/figure><figcaption class=\"coblocks-gallery--caption coblocks-gallery--primary-caption\"><\/figcaption><\/div><\/div><div class=\"swiper-slide\"><div class=\"coblocks-gallery--item\" role=\"button\"><figure class=\"coblocks-gallery--figure has-margin-left-5 has-margin-left-mobile-5 has-margin-right-5 has-margin-right-mobile-5\"><img loading=\"lazy\" decoding=\"async\" width=\"1024\" height=\"684\" alt=\"\" class=\"wp-image-10987\" data-id=\"10987\" data-link=\"https:\/\/eventsmadeira.com\/evento\/mercado-quinhentista\/08062019_170439_dsc_1650\/\" src=\"https:\/\/eventsmadeira.com\/oordypsa\/2022\/05\/08062019_170439_DSC_1650-1024x684.jpg\" srcset=\"https:\/\/eventsmadeira.com\/oordypsa\/2022\/05\/08062019_170439_DSC_1650-1024x684.jpg 1024w, https:\/\/eventsmadeira.com\/oordypsa\/2022\/05\/08062019_170439_DSC_1650-700x468.jpg 700w, https:\/\/eventsmadeira.com\/oordypsa\/2022\/05\/08062019_170439_DSC_1650-768x513.jpg 768w, https:\/\/eventsmadeira.com\/oordypsa\/2022\/05\/08062019_170439_DSC_1650.jpg 1200w\" sizes=\"auto, (max-width: 1024px) 100vw, 1024px\" \/><\/figure><figcaption class=\"coblocks-gallery--caption coblocks-gallery--primary-caption\"><\/figcaption><\/div><\/div><div class=\"swiper-slide\"><div class=\"coblocks-gallery--item\" role=\"button\"><figure class=\"coblocks-gallery--figure has-margin-left-5 has-margin-left-mobile-5 has-margin-right-5 has-margin-right-mobile-5\"><img loading=\"lazy\" decoding=\"async\" width=\"1024\" height=\"684\" alt=\"\" class=\"wp-image-10989\" data-id=\"10989\" data-link=\"https:\/\/eventsmadeira.com\/evento\/mercado-quinhentista\/01062018164220dsc_2831\/\" src=\"https:\/\/eventsmadeira.com\/oordypsa\/2022\/05\/01062018164220DSC_2831-1024x684.jpg\" srcset=\"https:\/\/eventsmadeira.com\/oordypsa\/2022\/05\/01062018164220DSC_2831-1024x684.jpg 1024w, https:\/\/eventsmadeira.com\/oordypsa\/2022\/05\/01062018164220DSC_2831-700x468.jpg 700w, https:\/\/eventsmadeira.com\/oordypsa\/2022\/05\/01062018164220DSC_2831-768x513.jpg 768w, https:\/\/eventsmadeira.com\/oordypsa\/2022\/05\/01062018164220DSC_2831.jpg 1200w\" sizes=\"auto, (max-width: 1024px) 100vw, 1024px\" \/><\/figure><figcaption class=\"coblocks-gallery--caption coblocks-gallery--primary-caption\"><\/figcaption><\/div><\/div><div class=\"swiper-slide\"><div class=\"coblocks-gallery--item\" role=\"button\"><figure class=\"coblocks-gallery--figure has-margin-left-5 has-margin-left-mobile-5 has-margin-right-5 has-margin-right-mobile-5\"><img loading=\"lazy\" decoding=\"async\" width=\"1024\" height=\"684\" alt=\"\" class=\"wp-image-10991\" data-id=\"10991\" data-link=\"https:\/\/eventsmadeira.com\/evento\/mercado-quinhentista\/01062018183827dsc_3153\/\" src=\"https:\/\/eventsmadeira.com\/oordypsa\/2022\/05\/01062018183827DSC_3153-1024x684.jpg\" srcset=\"https:\/\/eventsmadeira.com\/oordypsa\/2022\/05\/01062018183827DSC_3153-1024x684.jpg 1024w, https:\/\/eventsmadeira.com\/oordypsa\/2022\/05\/01062018183827DSC_3153-700x468.jpg 700w, https:\/\/eventsmadeira.com\/oordypsa\/2022\/05\/01062018183827DSC_3153-768x513.jpg 768w, https:\/\/eventsmadeira.com\/oordypsa\/2022\/05\/01062018183827DSC_3153.jpg 1200w\" sizes=\"auto, (max-width: 1024px) 100vw, 1024px\" \/><\/figure><figcaption class=\"coblocks-gallery--caption coblocks-gallery--primary-caption\"><\/figcaption><\/div><\/div><div class=\"swiper-slide\"><div class=\"coblocks-gallery--item\" role=\"button\"><figure class=\"coblocks-gallery--figure has-margin-left-5 has-margin-left-mobile-5 has-margin-right-5 has-margin-right-mobile-5\"><img loading=\"lazy\" decoding=\"async\" width=\"1024\" height=\"683\" alt=\"\" class=\"wp-image-10993\" data-id=\"10993\" data-link=\"https:\/\/eventsmadeira.com\/evento\/mercado-quinhentista\/img_0753\/\" src=\"https:\/\/eventsmadeira.com\/oordypsa\/2022\/05\/IMG_0753-1024x683.jpg\" srcset=\"https:\/\/eventsmadeira.com\/oordypsa\/2022\/05\/IMG_0753-1024x683.jpg 1024w, https:\/\/eventsmadeira.com\/oordypsa\/2022\/05\/IMG_0753-700x468.jpg 700w, https:\/\/eventsmadeira.com\/oordypsa\/2022\/05\/IMG_0753-768x512.jpg 768w, https:\/\/eventsmadeira.com\/oordypsa\/2022\/05\/IMG_0753.jpg 1200w\" sizes=\"auto, (max-width: 1024px) 100vw, 1024px\" \/><\/figure><figcaption class=\"coblocks-gallery--caption coblocks-gallery--primary-caption\"><\/figcaption><\/div><\/div><\/div><button class=\"nav-button__prev\" id=\"12345-prev\"><\/button><button class=\"nav-button__next\" id=\"12345-next\"><\/button><\/div><\/div><\/div>\n\n\n\n<p><\/p>\n","protected":false},"excerpt":{"rendered":"<p>Machico hosts the &#8220;Mercado Quinhentista&#8221; between June 5th to 7th, the 16th-century Market&#8221;, an event that evokes the historical period of the discovery of the island, which has gained a prominent cultural status. Organized by the Municipal Council of Machico&#8230;<\/p>\n","protected":false},"author":2,"featured_media":10724,"comment_status":"closed","ping_status":"closed","template":"","meta":{"_coblocks_attr":"","_coblocks_dimensions":"","_coblocks_responsive_height":"","_coblocks_accordion_ie_support":"","footnotes":""},"eventcat":[253,314],"organizer":[],"event_tags":[],"location":[292],"class_list":["post-10727","event","type-event","status-publish","has-post-thumbnail","hentry","eventcat-antiques","eventcat-culture","location-machico-en"],"yoast_head":"\n<title>Sixteenth Century Market - Events Madeira<\/title>\n<meta name=\"robots\" content=\"index, follow, max-snippet:-1, max-image-preview:large, max-video-preview:-1\" \/>\n<link rel=\"canonical\" href=\"https:\/\/eventsmadeira.com\/en\/event\/sixteenth-century-market\/\" \/>\n<meta property=\"og:locale\" content=\"en_US\" \/>\n<meta property=\"og:type\" content=\"article\" \/>\n<meta property=\"og:title\" content=\"Sixteenth Century Market - Events Madeira\" \/>\n<meta property=\"og:description\" content=\"Machico hosts the &#8220;Mercado Quinhentista&#8221; between June 5th to 7th, the 16th-century Market&#8221;, an event that evokes the historical period of the discovery of the island, which has gained a prominent cultural status. Organized by the Municipal Council of Machico...\" \/>\n<meta property=\"og:url\" content=\"https:\/\/eventsmadeira.com\/en\/event\/sixteenth-century-market\/\" \/>\n<meta property=\"og:site_name\" content=\"Events Madeira\" \/>\n<meta property=\"article:modified_time\" content=\"2026-04-15T15:40:42+00:00\" \/>\n<meta property=\"og:image\" content=\"https:\/\/eventsmadeira.com\/oordypsa\/2022\/05\/Machico_MercadoQuinhetista4-1.jpg\" \/>\n\t<meta property=\"og:image:width\" content=\"850\" \/>\n\t<meta property=\"og:image:height\" content=\"438\" \/>\n\t<meta property=\"og:image:type\" content=\"image\/jpeg\" \/>\n<meta name=\"twitter:card\" content=\"summary_large_image\" \/>\n<meta name=\"twitter:label1\" content=\"Est. reading time\" \/>\n\t<meta name=\"twitter:data1\" content=\"3 minutes\" \/>\n<script type=\"application\/ld+json\" class=\"yoast-schema-graph\">{\"@context\":\"https:\/\/schema.org\",\"@graph\":[{\"@type\":\"WebPage\",\"@id\":\"https:\/\/eventsmadeira.com\/en\/event\/sixteenth-century-market\/\",\"url\":\"https:\/\/eventsmadeira.com\/en\/event\/sixteenth-century-market\/\",\"name\":\"Sixteenth Century Market - Events Madeira\",\"isPartOf\":{\"@id\":\"https:\/\/eventsmadeira.com\/en\/#website\"},\"primaryImageOfPage\":{\"@id\":\"https:\/\/eventsmadeira.com\/en\/event\/sixteenth-century-market\/#primaryimage\"},\"image\":{\"@id\":\"https:\/\/eventsmadeira.com\/en\/event\/sixteenth-century-market\/#primaryimage\"},\"thumbnailUrl\":\"https:\/\/eventsmadeira.com\/oordypsa\/2022\/05\/Machico_MercadoQuinhetista4-1.jpg\",\"datePublished\":\"2022-05-11T13:51:27+00:00\",\"dateModified\":\"2026-04-15T15:40:42+00:00\",\"breadcrumb\":{\"@id\":\"https:\/\/eventsmadeira.com\/en\/event\/sixteenth-century-market\/#breadcrumb\"},\"inLanguage\":\"en-US\",\"potentialAction\":[{\"@type\":\"ReadAction\",\"target\":[\"https:\/\/eventsmadeira.com\/en\/event\/sixteenth-century-market\/\"]}]},{\"@type\":\"ImageObject\",\"inLanguage\":\"en-US\",\"@id\":\"https:\/\/eventsmadeira.com\/en\/event\/sixteenth-century-market\/#primaryimage\",\"url\":\"https:\/\/eventsmadeira.com\/oordypsa\/2022\/05\/Machico_MercadoQuinhetista4-1.jpg\",\"contentUrl\":\"https:\/\/eventsmadeira.com\/oordypsa\/2022\/05\/Machico_MercadoQuinhetista4-1.jpg\",\"width\":850,\"height\":438},{\"@type\":\"BreadcrumbList\",\"@id\":\"https:\/\/eventsmadeira.com\/en\/event\/sixteenth-century-market\/#breadcrumb\",\"itemListElement\":[{\"@type\":\"ListItem\",\"position\":1,\"name\":\"Home\",\"item\":\"https:\/\/eventsmadeira.com\/en\/\"},{\"@type\":\"ListItem\",\"position\":2,\"name\":\"Events\",\"item\":\"https:\/\/eventsmadeira.com\/en\/event\/\"},{\"@type\":\"ListItem\",\"position\":3,\"name\":\"Sixteenth Century Market\"}]},{\"@type\":\"WebSite\",\"@id\":\"https:\/\/eventsmadeira.com\/en\/#website\",\"url\":\"https:\/\/eventsmadeira.com\/en\/\",\"name\":\"Events Madeira\",\"description\":\"\",\"potentialAction\":[{\"@type\":\"SearchAction\",\"target\":{\"@type\":\"EntryPoint\",\"urlTemplate\":\"https:\/\/eventsmadeira.com\/en\/?s={search_term_string}\"},\"query-input\":{\"@type\":\"PropertyValueSpecification\",\"valueRequired\":true,\"valueName\":\"search_term_string\"}}],\"inLanguage\":\"en-US\"}]}<\/script>\n","yoast_head_json":{"title":"Sixteenth Century Market - Events Madeira","robots":{"index":"index","follow":"follow","max-snippet":"max-snippet:-1","max-image-preview":"max-image-preview:large","max-video-preview":"max-video-preview:-1"},"canonical":"https:\/\/eventsmadeira.com\/en\/event\/sixteenth-century-market\/","og_locale":"en_US","og_type":"article","og_title":"Sixteenth Century Market - Events Madeira","og_description":"Machico hosts the &#8220;Mercado Quinhentista&#8221; between June 5th to 7th, the 16th-century Market&#8221;, an event that evokes the historical period of the discovery of the island, which has gained a prominent cultural status. Organized by the Municipal Council of Machico...","og_url":"https:\/\/eventsmadeira.com\/en\/event\/sixteenth-century-market\/","og_site_name":"Events Madeira","article_modified_time":"2026-04-15T15:40:42+00:00","og_image":[{"width":850,"height":438,"url":"https:\/\/eventsmadeira.com\/oordypsa\/2022\/05\/Machico_MercadoQuinhetista4-1.jpg","type":"image\/jpeg"}],"twitter_card":"summary_large_image","twitter_misc":{"Est. reading time":"3 minutes"},"schema":{"@context":"https:\/\/schema.org","@graph":[{"@type":"WebPage","@id":"https:\/\/eventsmadeira.com\/en\/event\/sixteenth-century-market\/","url":"https:\/\/eventsmadeira.com\/en\/event\/sixteenth-century-market\/","name":"Sixteenth Century Market - Events Madeira","isPartOf":{"@id":"https:\/\/eventsmadeira.com\/en\/#website"},"primaryImageOfPage":{"@id":"https:\/\/eventsmadeira.com\/en\/event\/sixteenth-century-market\/#primaryimage"},"image":{"@id":"https:\/\/eventsmadeira.com\/en\/event\/sixteenth-century-market\/#primaryimage"},"thumbnailUrl":"https:\/\/eventsmadeira.com\/oordypsa\/2022\/05\/Machico_MercadoQuinhetista4-1.jpg","datePublished":"2022-05-11T13:51:27+00:00","dateModified":"2026-04-15T15:40:42+00:00","breadcrumb":{"@id":"https:\/\/eventsmadeira.com\/en\/event\/sixteenth-century-market\/#breadcrumb"},"inLanguage":"en-US","potentialAction":[{"@type":"ReadAction","target":["https:\/\/eventsmadeira.com\/en\/event\/sixteenth-century-market\/"]}]},{"@type":"ImageObject","inLanguage":"en-US","@id":"https:\/\/eventsmadeira.com\/en\/event\/sixteenth-century-market\/#primaryimage","url":"https:\/\/eventsmadeira.com\/oordypsa\/2022\/05\/Machico_MercadoQuinhetista4-1.jpg","contentUrl":"https:\/\/eventsmadeira.com\/oordypsa\/2022\/05\/Machico_MercadoQuinhetista4-1.jpg","width":850,"height":438},{"@type":"BreadcrumbList","@id":"https:\/\/eventsmadeira.com\/en\/event\/sixteenth-century-market\/#breadcrumb","itemListElement":[{"@type":"ListItem","position":1,"name":"Home","item":"https:\/\/eventsmadeira.com\/en\/"},{"@type":"ListItem","position":2,"name":"Events","item":"https:\/\/eventsmadeira.com\/en\/event\/"},{"@type":"ListItem","position":3,"name":"Sixteenth Century Market"}]},{"@type":"WebSite","@id":"https:\/\/eventsmadeira.com\/en\/#website","url":"https:\/\/eventsmadeira.com\/en\/","name":"Events Madeira","description":"","potentialAction":[{"@type":"SearchAction","target":{"@type":"EntryPoint","urlTemplate":"https:\/\/eventsmadeira.com\/en\/?s={search_term_string}"},"query-input":{"@type":"PropertyValueSpecification","valueRequired":true,"valueName":"search_term_string"}}],"inLanguage":"en-US"}]}},"_links":{"self":[{"href":"https:\/\/eventsmadeira.com\/en\/wp-json\/wp\/v2\/event\/10727","targetHints":{"allow":["GET"]}}],"collection":[{"href":"https:\/\/eventsmadeira.com\/en\/wp-json\/wp\/v2\/event"}],"about":[{"href":"https:\/\/eventsmadeira.com\/en\/wp-json\/wp\/v2\/types\/event"}],"author":[{"embeddable":true,"href":"https:\/\/eventsmadeira.com\/en\/wp-json\/wp\/v2\/users\/2"}],"replies":[{"embeddable":true,"href":"https:\/\/eventsmadeira.com\/en\/wp-json\/wp\/v2\/comments?post=10727"}],"version-history":[{"count":9,"href":"https:\/\/eventsmadeira.com\/en\/wp-json\/wp\/v2\/event\/10727\/revisions"}],"predecessor-version":[{"id":27630,"href":"https:\/\/eventsmadeira.com\/en\/wp-json\/wp\/v2\/event\/10727\/revisions\/27630"}],"wp:featuredmedia":[{"embeddable":true,"href":"https:\/\/eventsmadeira.com\/en\/wp-json\/wp\/v2\/media\/10724"}],"wp:attachment":[{"href":"https:\/\/eventsmadeira.com\/en\/wp-json\/wp\/v2\/media?parent=10727"}],"wp:term":[{"taxonomy":"eventcat","embeddable":true,"href":"https:\/\/eventsmadeira.com\/en\/wp-json\/wp\/v2\/eventcat?post=10727"},{"taxonomy":"organizer","embeddable":true,"href":"https:\/\/eventsmadeira.com\/en\/wp-json\/wp\/v2\/organizer?post=10727"},{"taxonomy":"event_tags","embeddable":true,"href":"https:\/\/eventsmadeira.com\/en\/wp-json\/wp\/v2\/event_tags?post=10727"},{"taxonomy":"location","embeddable":true,"href":"https:\/\/eventsmadeira.com\/en\/wp-json\/wp\/v2\/location?post=10727"}],"curies":[{"name":"wp","href":"https:\/\/api.w.org\/{rel}","templated":true}]}}