{"id":17107,"date":"2023-11-15T16:16:11","date_gmt":"2023-11-15T16:16:11","guid":{"rendered":"https:\/\/eventsmadeira.com\/event\/young-soloists-concert-featuring-patricia-gomes-ocm\/"},"modified":"2024-05-13T16:18:36","modified_gmt":"2024-05-13T15:18:36","slug":"young-soloists-concert-featuring-patricia-gomes-ocm","status":"publish","type":"event","link":"https:\/\/eventsmadeira.com\/en\/event\/young-soloists-concert-featuring-patricia-gomes-ocm\/","title":{"rendered":"Young Soloists Concert featuring Patr\u00edcia Gomes | OCM"},"content":{"rendered":"\n<p>The Madeira classic Orchestra presents a concert with soloist Patr\u00edcia Gomes and the conductor Martin Andr\u00e9, an event under the scope of the \u201cNew Student\u00b4s support Program &#8211; University of Madeira\u201d.<\/p>\n\n\n\n<p>This concert takes place at the Legislative Assembly of Madeira on November 25th at 6:00 pm.<\/p>\n\n\n\n<p>Programme: <br>Arutiunian \u2013 Concert for Oboe an Orchestra<br>Schubert  \u2013 Symphony n\u00ba8<br>Mendelson \u2013 Symphony n\u00ba4<\/p>\n\n\n\n<p>+info: <a href=\"https:\/\/www.ocmadeira.pt\/concertos\/proximos-eventos\/orquestra-cla-ssica-da-madeira\/72-orquestra-classica-da-madeira.html\" target=\"_blank\" rel=\"noreferrer noopener\">Official website<\/a><\/p>\n\n\n\n<p><\/p>\n\n\n\n<figure class=\"wp-block-image size-large is-resized\"><img loading=\"lazy\" decoding=\"async\" width=\"724\" height=\"1024\" src=\"https:\/\/eventsmadeira.com\/oordypsa\/2023\/11\/Concerto-Patrcia-Gomes-OCM-25-de-Novembro-724x1024.png\" alt=\"\" class=\"wp-image-17100\" style=\"aspect-ratio:0.70703125;width:839px;height:auto\" srcset=\"https:\/\/eventsmadeira.com\/oordypsa\/2023\/11\/Concerto-Patrcia-Gomes-OCM-25-de-Novembro-724x1024.png 724w, https:\/\/eventsmadeira.com\/oordypsa\/2023\/11\/Concerto-Patrcia-Gomes-OCM-25-de-Novembro-495x700.png 495w, https:\/\/eventsmadeira.com\/oordypsa\/2023\/11\/Concerto-Patrcia-Gomes-OCM-25-de-Novembro-768x1086.png 768w, https:\/\/eventsmadeira.com\/oordypsa\/2023\/11\/Concerto-Patrcia-Gomes-OCM-25-de-Novembro.png 849w\" sizes=\"auto, (max-width: 724px) 100vw, 724px\" \/><\/figure>\n","protected":false},"excerpt":{"rendered":"<p>The Madeira classic Orchestra presents a concert with soloist Patr\u00edcia Gomes and the conductor Martin Andr\u00e9, an event under the scope of the \u201cNew Student\u00b4s support Program &#8211; University of Madeira\u201d. This concert takes place at the Legislative Assembly of&#8230;<\/p>\n","protected":false},"author":2,"featured_media":17103,"comment_status":"closed","ping_status":"closed","template":"","meta":{"_coblocks_attr":"","_coblocks_dimensions":"","_coblocks_responsive_height":"","_coblocks_accordion_ie_support":"","footnotes":""},"eventcat":[314,272],"organizer":[],"event_tags":[],"location":[295],"class_list":["post-17107","event","type-event","status-publish","has-post-thumbnail","hentry","eventcat-culture","eventcat-music-en","location-funchal-en"],"yoast_head":"\n<title>Young Soloists Concert featuring Patr\u00edcia Gomes | OCM - Events Madeira<\/title>\n<meta name=\"robots\" content=\"index, follow, max-snippet:-1, max-image-preview:large, max-video-preview:-1\" \/>\n<link rel=\"canonical\" href=\"https:\/\/eventsmadeira.com\/en\/event\/young-soloists-concert-featuring-patricia-gomes-ocm\/\" \/>\n<meta property=\"og:locale\" content=\"en_US\" \/>\n<meta property=\"og:type\" content=\"article\" \/>\n<meta property=\"og:title\" content=\"Young Soloists Concert featuring Patr\u00edcia Gomes | OCM - Events Madeira\" \/>\n<meta property=\"og:description\" content=\"The Madeira classic Orchestra presents a concert with soloist Patr\u00edcia Gomes and the conductor Martin Andr\u00e9, an event under the scope of the \u201cNew Student\u00b4s support Program &#8211; University of Madeira\u201d. This concert takes place at the Legislative Assembly of...\" \/>\n<meta property=\"og:url\" content=\"https:\/\/eventsmadeira.com\/en\/event\/young-soloists-concert-featuring-patricia-gomes-ocm\/\" \/>\n<meta property=\"og:site_name\" content=\"Events Madeira\" \/>\n<meta property=\"article:modified_time\" content=\"2024-05-13T15:18:36+00:00\" \/>\n<meta property=\"og:image\" content=\"https:\/\/eventsmadeira.com\/oordypsa\/2023\/11\/Concerto-Patrcia-Gomes700x434.jpg\" \/>\n\t<meta property=\"og:image:width\" content=\"700\" \/>\n\t<meta property=\"og:image:height\" content=\"434\" \/>\n\t<meta property=\"og:image:type\" content=\"image\/jpeg\" \/>\n<meta name=\"twitter:card\" content=\"summary_large_image\" \/>\n<meta name=\"twitter:label1\" content=\"Est. reading time\" \/>\n\t<meta name=\"twitter:data1\" content=\"1 minute\" \/>\n<script type=\"application\/ld+json\" class=\"yoast-schema-graph\">{\"@context\":\"https:\/\/schema.org\",\"@graph\":[{\"@type\":\"WebPage\",\"@id\":\"https:\/\/eventsmadeira.com\/en\/event\/young-soloists-concert-featuring-patricia-gomes-ocm\/\",\"url\":\"https:\/\/eventsmadeira.com\/en\/event\/young-soloists-concert-featuring-patricia-gomes-ocm\/\",\"name\":\"Young Soloists Concert featuring Patr\u00edcia Gomes | OCM - Events Madeira\",\"isPartOf\":{\"@id\":\"https:\/\/eventsmadeira.com\/en\/#website\"},\"primaryImageOfPage\":{\"@id\":\"https:\/\/eventsmadeira.com\/en\/event\/young-soloists-concert-featuring-patricia-gomes-ocm\/#primaryimage\"},\"image\":{\"@id\":\"https:\/\/eventsmadeira.com\/en\/event\/young-soloists-concert-featuring-patricia-gomes-ocm\/#primaryimage\"},\"thumbnailUrl\":\"https:\/\/eventsmadeira.com\/oordypsa\/2023\/11\/Concerto-Patrcia-Gomes700x434.jpg\",\"datePublished\":\"2023-11-15T16:16:11+00:00\",\"dateModified\":\"2024-05-13T15:18:36+00:00\",\"breadcrumb\":{\"@id\":\"https:\/\/eventsmadeira.com\/en\/event\/young-soloists-concert-featuring-patricia-gomes-ocm\/#breadcrumb\"},\"inLanguage\":\"en-US\",\"potentialAction\":[{\"@type\":\"ReadAction\",\"target\":[\"https:\/\/eventsmadeira.com\/en\/event\/young-soloists-concert-featuring-patricia-gomes-ocm\/\"]}]},{\"@type\":\"ImageObject\",\"inLanguage\":\"en-US\",\"@id\":\"https:\/\/eventsmadeira.com\/en\/event\/young-soloists-concert-featuring-patricia-gomes-ocm\/#primaryimage\",\"url\":\"https:\/\/eventsmadeira.com\/oordypsa\/2023\/11\/Concerto-Patrcia-Gomes700x434.jpg\",\"contentUrl\":\"https:\/\/eventsmadeira.com\/oordypsa\/2023\/11\/Concerto-Patrcia-Gomes700x434.jpg\",\"width\":700,\"height\":434},{\"@type\":\"BreadcrumbList\",\"@id\":\"https:\/\/eventsmadeira.com\/en\/event\/young-soloists-concert-featuring-patricia-gomes-ocm\/#breadcrumb\",\"itemListElement\":[{\"@type\":\"ListItem\",\"position\":1,\"name\":\"Home\",\"item\":\"https:\/\/eventsmadeira.com\/en\/\"},{\"@type\":\"ListItem\",\"position\":2,\"name\":\"Events\",\"item\":\"https:\/\/eventsmadeira.com\/en\/event\/\"},{\"@type\":\"ListItem\",\"position\":3,\"name\":\"Young Soloists Concert featuring Patr\u00edcia Gomes | OCM\"}]},{\"@type\":\"WebSite\",\"@id\":\"https:\/\/eventsmadeira.com\/en\/#website\",\"url\":\"https:\/\/eventsmadeira.com\/en\/\",\"name\":\"Events Madeira\",\"description\":\"\",\"potentialAction\":[{\"@type\":\"SearchAction\",\"target\":{\"@type\":\"EntryPoint\",\"urlTemplate\":\"https:\/\/eventsmadeira.com\/en\/?s={search_term_string}\"},\"query-input\":{\"@type\":\"PropertyValueSpecification\",\"valueRequired\":true,\"valueName\":\"search_term_string\"}}],\"inLanguage\":\"en-US\"}]}<\/script>\n","yoast_head_json":{"title":"Young Soloists Concert featuring Patr\u00edcia Gomes | OCM - Events Madeira","robots":{"index":"index","follow":"follow","max-snippet":"max-snippet:-1","max-image-preview":"max-image-preview:large","max-video-preview":"max-video-preview:-1"},"canonical":"https:\/\/eventsmadeira.com\/en\/event\/young-soloists-concert-featuring-patricia-gomes-ocm\/","og_locale":"en_US","og_type":"article","og_title":"Young Soloists Concert featuring Patr\u00edcia Gomes | OCM - Events Madeira","og_description":"The Madeira classic Orchestra presents a concert with soloist Patr\u00edcia Gomes and the conductor Martin Andr\u00e9, an event under the scope of the \u201cNew Student\u00b4s support Program &#8211; University of Madeira\u201d. This concert takes place at the Legislative Assembly of...","og_url":"https:\/\/eventsmadeira.com\/en\/event\/young-soloists-concert-featuring-patricia-gomes-ocm\/","og_site_name":"Events Madeira","article_modified_time":"2024-05-13T15:18:36+00:00","og_image":[{"width":700,"height":434,"url":"https:\/\/eventsmadeira.com\/oordypsa\/2023\/11\/Concerto-Patrcia-Gomes700x434.jpg","type":"image\/jpeg"}],"twitter_card":"summary_large_image","twitter_misc":{"Est. reading time":"1 minute"},"schema":{"@context":"https:\/\/schema.org","@graph":[{"@type":"WebPage","@id":"https:\/\/eventsmadeira.com\/en\/event\/young-soloists-concert-featuring-patricia-gomes-ocm\/","url":"https:\/\/eventsmadeira.com\/en\/event\/young-soloists-concert-featuring-patricia-gomes-ocm\/","name":"Young Soloists Concert featuring Patr\u00edcia Gomes | OCM - Events Madeira","isPartOf":{"@id":"https:\/\/eventsmadeira.com\/en\/#website"},"primaryImageOfPage":{"@id":"https:\/\/eventsmadeira.com\/en\/event\/young-soloists-concert-featuring-patricia-gomes-ocm\/#primaryimage"},"image":{"@id":"https:\/\/eventsmadeira.com\/en\/event\/young-soloists-concert-featuring-patricia-gomes-ocm\/#primaryimage"},"thumbnailUrl":"https:\/\/eventsmadeira.com\/oordypsa\/2023\/11\/Concerto-Patrcia-Gomes700x434.jpg","datePublished":"2023-11-15T16:16:11+00:00","dateModified":"2024-05-13T15:18:36+00:00","breadcrumb":{"@id":"https:\/\/eventsmadeira.com\/en\/event\/young-soloists-concert-featuring-patricia-gomes-ocm\/#breadcrumb"},"inLanguage":"en-US","potentialAction":[{"@type":"ReadAction","target":["https:\/\/eventsmadeira.com\/en\/event\/young-soloists-concert-featuring-patricia-gomes-ocm\/"]}]},{"@type":"ImageObject","inLanguage":"en-US","@id":"https:\/\/eventsmadeira.com\/en\/event\/young-soloists-concert-featuring-patricia-gomes-ocm\/#primaryimage","url":"https:\/\/eventsmadeira.com\/oordypsa\/2023\/11\/Concerto-Patrcia-Gomes700x434.jpg","contentUrl":"https:\/\/eventsmadeira.com\/oordypsa\/2023\/11\/Concerto-Patrcia-Gomes700x434.jpg","width":700,"height":434},{"@type":"BreadcrumbList","@id":"https:\/\/eventsmadeira.com\/en\/event\/young-soloists-concert-featuring-patricia-gomes-ocm\/#breadcrumb","itemListElement":[{"@type":"ListItem","position":1,"name":"Home","item":"https:\/\/eventsmadeira.com\/en\/"},{"@type":"ListItem","position":2,"name":"Events","item":"https:\/\/eventsmadeira.com\/en\/event\/"},{"@type":"ListItem","position":3,"name":"Young Soloists Concert featuring Patr\u00edcia Gomes | OCM"}]},{"@type":"WebSite","@id":"https:\/\/eventsmadeira.com\/en\/#website","url":"https:\/\/eventsmadeira.com\/en\/","name":"Events Madeira","description":"","potentialAction":[{"@type":"SearchAction","target":{"@type":"EntryPoint","urlTemplate":"https:\/\/eventsmadeira.com\/en\/?s={search_term_string}"},"query-input":{"@type":"PropertyValueSpecification","valueRequired":true,"valueName":"search_term_string"}}],"inLanguage":"en-US"}]}},"_links":{"self":[{"href":"https:\/\/eventsmadeira.com\/en\/wp-json\/wp\/v2\/event\/17107","targetHints":{"allow":["GET"]}}],"collection":[{"href":"https:\/\/eventsmadeira.com\/en\/wp-json\/wp\/v2\/event"}],"about":[{"href":"https:\/\/eventsmadeira.com\/en\/wp-json\/wp\/v2\/types\/event"}],"author":[{"embeddable":true,"href":"https:\/\/eventsmadeira.com\/en\/wp-json\/wp\/v2\/users\/2"}],"replies":[{"embeddable":true,"href":"https:\/\/eventsmadeira.com\/en\/wp-json\/wp\/v2\/comments?post=17107"}],"version-history":[{"count":0,"href":"https:\/\/eventsmadeira.com\/en\/wp-json\/wp\/v2\/event\/17107\/revisions"}],"wp:featuredmedia":[{"embeddable":true,"href":"https:\/\/eventsmadeira.com\/en\/wp-json\/wp\/v2\/media\/17103"}],"wp:attachment":[{"href":"https:\/\/eventsmadeira.com\/en\/wp-json\/wp\/v2\/media?parent=17107"}],"wp:term":[{"taxonomy":"eventcat","embeddable":true,"href":"https:\/\/eventsmadeira.com\/en\/wp-json\/wp\/v2\/eventcat?post=17107"},{"taxonomy":"organizer","embeddable":true,"href":"https:\/\/eventsmadeira.com\/en\/wp-json\/wp\/v2\/organizer?post=17107"},{"taxonomy":"event_tags","embeddable":true,"href":"https:\/\/eventsmadeira.com\/en\/wp-json\/wp\/v2\/event_tags?post=17107"},{"taxonomy":"location","embeddable":true,"href":"https:\/\/eventsmadeira.com\/en\/wp-json\/wp\/v2\/location?post=17107"}],"curies":[{"name":"wp","href":"https:\/\/api.w.org\/{rel}","templated":true}]}}