{"id":20582,"date":"2024-08-27T17:01:37","date_gmt":"2024-08-27T16:01:37","guid":{"rendered":"https:\/\/eventsmadeira.com\/event\/concerts-from-the-vineyard-to-the-winepress\/"},"modified":"2025-08-20T11:54:06","modified_gmt":"2025-08-20T10:54:06","slug":"concerts-from-the-vineyard-to-the-winepress","status":"publish","type":"event","link":"https:\/\/eventsmadeira.com\/en\/event\/concerts-from-the-vineyard-to-the-winepress\/","title":{"rendered":"Concerts from the Vineyard to the Winepress"},"content":{"rendered":"\n<p>A series of musical concerts taking place in different places in the region, in a winery and sunset environments, to be held after the peak of heat, when the aromas intensify. Includes live musical performances and tasting fortified wines produced on site. <br>Access is restricted to a limited number of spectators.<\/p>\n\n\n\n<p>+info: <a href=\"https:\/\/www.retoica.com\/\" target=\"_blank\" rel=\"noreferrer noopener\">Official Website<\/a><br><br><br><strong>Programme<br>September,6th<br>Quinta das Vinhas (Santana) | 5 pm<br>Miguel Pires<\/strong><br>(Vocals; Piano)<\/p>\n\n\n\n<p><strong>September,7th<br>Vinhas do Tico (Porto Moniz) | 7:25 am (sunrise)<br>Andr\u00e9 Santos<\/strong><br>(Guitars; Raj\u00e3o)<\/p>\n\n\n\n<p><strong>September,13th<br>Quinta do Fur\u00e3o (Santana) | 5 pm<br>\u00c9nia Caires<\/strong><br>(Vocals; Guitar; Bass; Percussion<\/p>\n\n\n\n<p><strong>September,14th<br>Wine and Vineyard Museum (Arco de S\u00e3o Jorge) | 5 pm<br>T\u00e2nia Ascens\u00e3o (Fado)<\/strong><br>(Vocals; Portuguese Guitar; Craviola; Bass)<br><\/p>\n\n\n\n<figure class=\"wp-block-image size-large\"><img loading=\"lazy\" decoding=\"async\" width=\"724\" height=\"1024\" src=\"https:\/\/eventsmadeira.com\/oordypsa\/2024\/08\/Cartaz-da-Vinha-ao-Lagar-2025-724x1024.png\" alt=\"\" class=\"wp-image-24744\" srcset=\"https:\/\/eventsmadeira.com\/oordypsa\/2024\/08\/Cartaz-da-Vinha-ao-Lagar-2025-724x1024.png 724w, https:\/\/eventsmadeira.com\/oordypsa\/2024\/08\/Cartaz-da-Vinha-ao-Lagar-2025-495x700.png 495w, https:\/\/eventsmadeira.com\/oordypsa\/2024\/08\/Cartaz-da-Vinha-ao-Lagar-2025-768x1087.png 768w, https:\/\/eventsmadeira.com\/oordypsa\/2024\/08\/Cartaz-da-Vinha-ao-Lagar-2025.png 848w\" sizes=\"auto, (max-width: 724px) 100vw, 724px\" \/><\/figure>\n\n\n\n<div aria-label=\"Carousel Gallery\" class=\"wp-block-coblocks-gallery-carousel alignfull\"><div class=\"coblocks-gallery-carousel-swiper-container is-cropped coblocks-gallery has-caption-style-dark has-horizontal-gutter has-no-thumbnails\"><div class=\"has-carousel has-carousel-lrg swiper-container\" data-swiper=\"{\"alignCells\":false,\"autoPlay\":true,\"autoPlaySpeed\":3000,\"draggable\":false,\"freeMode\":false,\"loop\":false,\"navigation\":true,\"pageDots\":false,\"pauseHover\":false,\"responsiveHeight\":false,\"slidesPerView\":2,\"thumbnails\":false,\"uuid\":\"12345\"}\" style=\"height:400px\"><div class=\"swiper-wrapper\"><div class=\"swiper-slide\"><div class=\"coblocks-gallery--item\" role=\"button\"><figure class=\"coblocks-gallery--figure has-margin-left-5 has-margin-left-mobile-5 has-margin-right-5 has-margin-right-mobile-5\"><img loading=\"lazy\" decoding=\"async\" width=\"1024\" height=\"683\" alt=\"\" class=\"wp-image-20567\" data-id=\"20567\" data-link=\"https:\/\/eventsmadeira.com\/evento\/concertos-da-vinha-ao-lagar\/galeria-quintafurao-03-1024x683-2\/\" src=\"https:\/\/eventsmadeira.com\/oordypsa\/2024\/08\/galeria-quintafurao-03-1024x683-2.jpg\" srcset=\"https:\/\/eventsmadeira.com\/oordypsa\/2024\/08\/galeria-quintafurao-03-1024x683-2.jpg 1024w, https:\/\/eventsmadeira.com\/oordypsa\/2024\/08\/galeria-quintafurao-03-1024x683-2-700x468.jpg 700w, https:\/\/eventsmadeira.com\/oordypsa\/2024\/08\/galeria-quintafurao-03-1024x683-2-768x512.jpg 768w\" sizes=\"auto, (max-width: 1024px) 100vw, 1024px\" \/><\/figure><figcaption class=\"coblocks-gallery--caption coblocks-gallery--primary-caption\"><\/figcaption><\/div><\/div><div class=\"swiper-slide\"><div class=\"coblocks-gallery--item\" role=\"button\"><figure class=\"coblocks-gallery--figure has-margin-left-5 has-margin-left-mobile-5 has-margin-right-5 has-margin-right-mobile-5\"><img loading=\"lazy\" decoding=\"async\" width=\"1024\" height=\"683\" alt=\"\" class=\"wp-image-20569\" data-id=\"20569\" data-link=\"https:\/\/eventsmadeira.com\/evento\/concertos-da-vinha-ao-lagar\/galeria-quintafurao-02-1024x683\/\" src=\"https:\/\/eventsmadeira.com\/oordypsa\/2024\/08\/galeria-quintafurao-02-1024x683-1.jpg\" srcset=\"https:\/\/eventsmadeira.com\/oordypsa\/2024\/08\/galeria-quintafurao-02-1024x683-1.jpg 1024w, https:\/\/eventsmadeira.com\/oordypsa\/2024\/08\/galeria-quintafurao-02-1024x683-1-700x468.jpg 700w, https:\/\/eventsmadeira.com\/oordypsa\/2024\/08\/galeria-quintafurao-02-1024x683-1-768x512.jpg 768w\" sizes=\"auto, (max-width: 1024px) 100vw, 1024px\" \/><\/figure><figcaption class=\"coblocks-gallery--caption coblocks-gallery--primary-caption\"><\/figcaption><\/div><\/div><div class=\"swiper-slide\"><div class=\"coblocks-gallery--item\" role=\"button\"><figure class=\"coblocks-gallery--figure has-margin-left-5 has-margin-left-mobile-5 has-margin-right-5 has-margin-right-mobile-5\"><img loading=\"lazy\" decoding=\"async\" width=\"1024\" height=\"683\" alt=\"\" class=\"wp-image-20571\" data-id=\"20571\" data-link=\"https:\/\/eventsmadeira.com\/evento\/concertos-da-vinha-ao-lagar\/galeria-quintafurao-01-1024x683\/\" src=\"https:\/\/eventsmadeira.com\/oordypsa\/2024\/08\/galeria-quintafurao-01-1024x683-1.jpg\" srcset=\"https:\/\/eventsmadeira.com\/oordypsa\/2024\/08\/galeria-quintafurao-01-1024x683-1.jpg 1024w, https:\/\/eventsmadeira.com\/oordypsa\/2024\/08\/galeria-quintafurao-01-1024x683-1-700x468.jpg 700w, https:\/\/eventsmadeira.com\/oordypsa\/2024\/08\/galeria-quintafurao-01-1024x683-1-768x512.jpg 768w\" sizes=\"auto, (max-width: 1024px) 100vw, 1024px\" \/><\/figure><figcaption class=\"coblocks-gallery--caption coblocks-gallery--primary-caption\"><\/figcaption><\/div><\/div><div class=\"swiper-slide\"><div class=\"coblocks-gallery--item\" role=\"button\"><figure class=\"coblocks-gallery--figure has-margin-left-5 has-margin-left-mobile-5 has-margin-right-5 has-margin-right-mobile-5\"><img loading=\"lazy\" decoding=\"async\" width=\"1024\" height=\"683\" alt=\"\" class=\"wp-image-20573\" data-id=\"20573\" data-link=\"https:\/\/eventsmadeira.com\/evento\/concertos-da-vinha-ao-lagar\/galeria-livebrisk-01-1024x683\/\" src=\"https:\/\/eventsmadeira.com\/oordypsa\/2024\/08\/galeria-livebrisk-01-1024x683-1.jpg\" srcset=\"https:\/\/eventsmadeira.com\/oordypsa\/2024\/08\/galeria-livebrisk-01-1024x683-1.jpg 1024w, https:\/\/eventsmadeira.com\/oordypsa\/2024\/08\/galeria-livebrisk-01-1024x683-1-700x468.jpg 700w, https:\/\/eventsmadeira.com\/oordypsa\/2024\/08\/galeria-livebrisk-01-1024x683-1-768x512.jpg 768w\" sizes=\"auto, (max-width: 1024px) 100vw, 1024px\" \/><\/figure><figcaption class=\"coblocks-gallery--caption coblocks-gallery--primary-caption\"><\/figcaption><\/div><\/div><div class=\"swiper-slide\"><div class=\"coblocks-gallery--item\" role=\"button\"><figure class=\"coblocks-gallery--figure has-margin-left-5 has-margin-left-mobile-5 has-margin-right-5 has-margin-right-mobile-5\"><img loading=\"lazy\" decoding=\"async\" width=\"1024\" height=\"683\" alt=\"\" class=\"wp-image-20575\" data-id=\"20575\" data-link=\"https:\/\/eventsmadeira.com\/evento\/concertos-da-vinha-ao-lagar\/galeria-barbusano-03-1024x683\/\" src=\"https:\/\/eventsmadeira.com\/oordypsa\/2024\/08\/galeria-barbusano-03-1024x683-1.jpg\" srcset=\"https:\/\/eventsmadeira.com\/oordypsa\/2024\/08\/galeria-barbusano-03-1024x683-1.jpg 1024w, https:\/\/eventsmadeira.com\/oordypsa\/2024\/08\/galeria-barbusano-03-1024x683-1-700x468.jpg 700w, https:\/\/eventsmadeira.com\/oordypsa\/2024\/08\/galeria-barbusano-03-1024x683-1-768x512.jpg 768w\" sizes=\"auto, (max-width: 1024px) 100vw, 1024px\" \/><\/figure><figcaption class=\"coblocks-gallery--caption coblocks-gallery--primary-caption\"><\/figcaption><\/div><\/div><div class=\"swiper-slide\"><div class=\"coblocks-gallery--item\" role=\"button\"><figure class=\"coblocks-gallery--figure has-margin-left-5 has-margin-left-mobile-5 has-margin-right-5 has-margin-right-mobile-5\"><img loading=\"lazy\" decoding=\"async\" width=\"1024\" height=\"683\" alt=\"\" class=\"wp-image-20577\" data-id=\"20577\" data-link=\"https:\/\/eventsmadeira.com\/evento\/concertos-da-vinha-ao-lagar\/galeria-barbusano-02-1-1024x683-2\/\" src=\"https:\/\/eventsmadeira.com\/oordypsa\/2024\/08\/galeria-barbusano-02-1-1024x683-2.jpg\" srcset=\"https:\/\/eventsmadeira.com\/oordypsa\/2024\/08\/galeria-barbusano-02-1-1024x683-2.jpg 1024w, https:\/\/eventsmadeira.com\/oordypsa\/2024\/08\/galeria-barbusano-02-1-1024x683-2-700x468.jpg 700w, https:\/\/eventsmadeira.com\/oordypsa\/2024\/08\/galeria-barbusano-02-1-1024x683-2-768x512.jpg 768w\" sizes=\"auto, (max-width: 1024px) 100vw, 1024px\" \/><\/figure><figcaption class=\"coblocks-gallery--caption coblocks-gallery--primary-caption\"><\/figcaption><\/div><\/div><\/div><button class=\"nav-button__prev\" id=\"12345-prev\"><\/button><button class=\"nav-button__next\" id=\"12345-next\"><\/button><\/div><\/div><\/div>\n","protected":false},"excerpt":{"rendered":"<p>A series of musical concerts taking place in different places in the region, in a winery and sunset environments, to be held after the peak of heat, when the aromas intensify. Includes live musical performances and tasting fortified wines produced&#8230;<\/p>\n","protected":false},"author":2,"featured_media":20562,"comment_status":"closed","ping_status":"closed","template":"","meta":{"_coblocks_attr":"","_coblocks_dimensions":"","_coblocks_responsive_height":"","_coblocks_accordion_ie_support":"","footnotes":""},"eventcat":[314,272],"organizer":[],"event_tags":[298],"location":[290,291],"class_list":["post-20582","event","type-event","status-publish","has-post-thumbnail","hentry","eventcat-culture","eventcat-music-en","event_tags-wine-festival","location-porto-moniz-en","location-santana-en"],"yoast_head":"\n<title>Concerts from the Vineyard to the Winepress - Events Madeira<\/title>\n<meta name=\"robots\" content=\"index, follow, max-snippet:-1, max-image-preview:large, max-video-preview:-1\" \/>\n<link rel=\"canonical\" href=\"https:\/\/eventsmadeira.com\/en\/event\/concerts-from-the-vineyard-to-the-winepress\/\" \/>\n<meta property=\"og:locale\" content=\"en_US\" \/>\n<meta property=\"og:type\" content=\"article\" \/>\n<meta property=\"og:title\" content=\"Concerts from the Vineyard to the Winepress - Events Madeira\" \/>\n<meta property=\"og:description\" content=\"A series of musical concerts taking place in different places in the region, in a winery and sunset environments, to be held after the peak of heat, when the aromas intensify. Includes live musical performances and tasting fortified wines produced...\" \/>\n<meta property=\"og:url\" content=\"https:\/\/eventsmadeira.com\/en\/event\/concerts-from-the-vineyard-to-the-winepress\/\" \/>\n<meta property=\"og:site_name\" content=\"Events Madeira\" \/>\n<meta property=\"article:modified_time\" content=\"2025-08-20T10:54:06+00:00\" \/>\n<meta property=\"og:image\" content=\"https:\/\/eventsmadeira.com\/oordypsa\/2024\/08\/galeria-barbusano-02-1-1024x683-1.jpg\" \/>\n\t<meta property=\"og:image:width\" content=\"1024\" \/>\n\t<meta property=\"og:image:height\" content=\"683\" \/>\n\t<meta property=\"og:image:type\" content=\"image\/jpeg\" \/>\n<meta name=\"twitter:card\" content=\"summary_large_image\" \/>\n<meta name=\"twitter:label1\" content=\"Est. reading time\" \/>\n\t<meta name=\"twitter:data1\" content=\"3 minutes\" \/>\n<script type=\"application\/ld+json\" class=\"yoast-schema-graph\">{\"@context\":\"https:\/\/schema.org\",\"@graph\":[{\"@type\":\"WebPage\",\"@id\":\"https:\/\/eventsmadeira.com\/en\/event\/concerts-from-the-vineyard-to-the-winepress\/\",\"url\":\"https:\/\/eventsmadeira.com\/en\/event\/concerts-from-the-vineyard-to-the-winepress\/\",\"name\":\"Concerts from the Vineyard to the Winepress - Events Madeira\",\"isPartOf\":{\"@id\":\"https:\/\/eventsmadeira.com\/en\/#website\"},\"primaryImageOfPage\":{\"@id\":\"https:\/\/eventsmadeira.com\/en\/event\/concerts-from-the-vineyard-to-the-winepress\/#primaryimage\"},\"image\":{\"@id\":\"https:\/\/eventsmadeira.com\/en\/event\/concerts-from-the-vineyard-to-the-winepress\/#primaryimage\"},\"thumbnailUrl\":\"https:\/\/eventsmadeira.com\/oordypsa\/2024\/08\/galeria-barbusano-02-1-1024x683-1.jpg\",\"datePublished\":\"2024-08-27T16:01:37+00:00\",\"dateModified\":\"2025-08-20T10:54:06+00:00\",\"breadcrumb\":{\"@id\":\"https:\/\/eventsmadeira.com\/en\/event\/concerts-from-the-vineyard-to-the-winepress\/#breadcrumb\"},\"inLanguage\":\"en-US\",\"potentialAction\":[{\"@type\":\"ReadAction\",\"target\":[\"https:\/\/eventsmadeira.com\/en\/event\/concerts-from-the-vineyard-to-the-winepress\/\"]}]},{\"@type\":\"ImageObject\",\"inLanguage\":\"en-US\",\"@id\":\"https:\/\/eventsmadeira.com\/en\/event\/concerts-from-the-vineyard-to-the-winepress\/#primaryimage\",\"url\":\"https:\/\/eventsmadeira.com\/oordypsa\/2024\/08\/galeria-barbusano-02-1-1024x683-1.jpg\",\"contentUrl\":\"https:\/\/eventsmadeira.com\/oordypsa\/2024\/08\/galeria-barbusano-02-1-1024x683-1.jpg\",\"width\":1024,\"height\":683},{\"@type\":\"BreadcrumbList\",\"@id\":\"https:\/\/eventsmadeira.com\/en\/event\/concerts-from-the-vineyard-to-the-winepress\/#breadcrumb\",\"itemListElement\":[{\"@type\":\"ListItem\",\"position\":1,\"name\":\"Home\",\"item\":\"https:\/\/eventsmadeira.com\/en\/\"},{\"@type\":\"ListItem\",\"position\":2,\"name\":\"Events\",\"item\":\"https:\/\/eventsmadeira.com\/en\/event\/\"},{\"@type\":\"ListItem\",\"position\":3,\"name\":\"Concerts from the Vineyard to the Winepress\"}]},{\"@type\":\"WebSite\",\"@id\":\"https:\/\/eventsmadeira.com\/en\/#website\",\"url\":\"https:\/\/eventsmadeira.com\/en\/\",\"name\":\"Events Madeira\",\"description\":\"\",\"potentialAction\":[{\"@type\":\"SearchAction\",\"target\":{\"@type\":\"EntryPoint\",\"urlTemplate\":\"https:\/\/eventsmadeira.com\/en\/?s={search_term_string}\"},\"query-input\":{\"@type\":\"PropertyValueSpecification\",\"valueRequired\":true,\"valueName\":\"search_term_string\"}}],\"inLanguage\":\"en-US\"}]}<\/script>\n","yoast_head_json":{"title":"Concerts from the Vineyard to the Winepress - Events Madeira","robots":{"index":"index","follow":"follow","max-snippet":"max-snippet:-1","max-image-preview":"max-image-preview:large","max-video-preview":"max-video-preview:-1"},"canonical":"https:\/\/eventsmadeira.com\/en\/event\/concerts-from-the-vineyard-to-the-winepress\/","og_locale":"en_US","og_type":"article","og_title":"Concerts from the Vineyard to the Winepress - Events Madeira","og_description":"A series of musical concerts taking place in different places in the region, in a winery and sunset environments, to be held after the peak of heat, when the aromas intensify. Includes live musical performances and tasting fortified wines produced...","og_url":"https:\/\/eventsmadeira.com\/en\/event\/concerts-from-the-vineyard-to-the-winepress\/","og_site_name":"Events Madeira","article_modified_time":"2025-08-20T10:54:06+00:00","og_image":[{"width":1024,"height":683,"url":"https:\/\/eventsmadeira.com\/oordypsa\/2024\/08\/galeria-barbusano-02-1-1024x683-1.jpg","type":"image\/jpeg"}],"twitter_card":"summary_large_image","twitter_misc":{"Est. reading time":"3 minutes"},"schema":{"@context":"https:\/\/schema.org","@graph":[{"@type":"WebPage","@id":"https:\/\/eventsmadeira.com\/en\/event\/concerts-from-the-vineyard-to-the-winepress\/","url":"https:\/\/eventsmadeira.com\/en\/event\/concerts-from-the-vineyard-to-the-winepress\/","name":"Concerts from the Vineyard to the Winepress - Events Madeira","isPartOf":{"@id":"https:\/\/eventsmadeira.com\/en\/#website"},"primaryImageOfPage":{"@id":"https:\/\/eventsmadeira.com\/en\/event\/concerts-from-the-vineyard-to-the-winepress\/#primaryimage"},"image":{"@id":"https:\/\/eventsmadeira.com\/en\/event\/concerts-from-the-vineyard-to-the-winepress\/#primaryimage"},"thumbnailUrl":"https:\/\/eventsmadeira.com\/oordypsa\/2024\/08\/galeria-barbusano-02-1-1024x683-1.jpg","datePublished":"2024-08-27T16:01:37+00:00","dateModified":"2025-08-20T10:54:06+00:00","breadcrumb":{"@id":"https:\/\/eventsmadeira.com\/en\/event\/concerts-from-the-vineyard-to-the-winepress\/#breadcrumb"},"inLanguage":"en-US","potentialAction":[{"@type":"ReadAction","target":["https:\/\/eventsmadeira.com\/en\/event\/concerts-from-the-vineyard-to-the-winepress\/"]}]},{"@type":"ImageObject","inLanguage":"en-US","@id":"https:\/\/eventsmadeira.com\/en\/event\/concerts-from-the-vineyard-to-the-winepress\/#primaryimage","url":"https:\/\/eventsmadeira.com\/oordypsa\/2024\/08\/galeria-barbusano-02-1-1024x683-1.jpg","contentUrl":"https:\/\/eventsmadeira.com\/oordypsa\/2024\/08\/galeria-barbusano-02-1-1024x683-1.jpg","width":1024,"height":683},{"@type":"BreadcrumbList","@id":"https:\/\/eventsmadeira.com\/en\/event\/concerts-from-the-vineyard-to-the-winepress\/#breadcrumb","itemListElement":[{"@type":"ListItem","position":1,"name":"Home","item":"https:\/\/eventsmadeira.com\/en\/"},{"@type":"ListItem","position":2,"name":"Events","item":"https:\/\/eventsmadeira.com\/en\/event\/"},{"@type":"ListItem","position":3,"name":"Concerts from the Vineyard to the Winepress"}]},{"@type":"WebSite","@id":"https:\/\/eventsmadeira.com\/en\/#website","url":"https:\/\/eventsmadeira.com\/en\/","name":"Events Madeira","description":"","potentialAction":[{"@type":"SearchAction","target":{"@type":"EntryPoint","urlTemplate":"https:\/\/eventsmadeira.com\/en\/?s={search_term_string}"},"query-input":{"@type":"PropertyValueSpecification","valueRequired":true,"valueName":"search_term_string"}}],"inLanguage":"en-US"}]}},"_links":{"self":[{"href":"https:\/\/eventsmadeira.com\/en\/wp-json\/wp\/v2\/event\/20582","targetHints":{"allow":["GET"]}}],"collection":[{"href":"https:\/\/eventsmadeira.com\/en\/wp-json\/wp\/v2\/event"}],"about":[{"href":"https:\/\/eventsmadeira.com\/en\/wp-json\/wp\/v2\/types\/event"}],"author":[{"embeddable":true,"href":"https:\/\/eventsmadeira.com\/en\/wp-json\/wp\/v2\/users\/2"}],"replies":[{"embeddable":true,"href":"https:\/\/eventsmadeira.com\/en\/wp-json\/wp\/v2\/comments?post=20582"}],"version-history":[{"count":0,"href":"https:\/\/eventsmadeira.com\/en\/wp-json\/wp\/v2\/event\/20582\/revisions"}],"wp:featuredmedia":[{"embeddable":true,"href":"https:\/\/eventsmadeira.com\/en\/wp-json\/wp\/v2\/media\/20562"}],"wp:attachment":[{"href":"https:\/\/eventsmadeira.com\/en\/wp-json\/wp\/v2\/media?parent=20582"}],"wp:term":[{"taxonomy":"eventcat","embeddable":true,"href":"https:\/\/eventsmadeira.com\/en\/wp-json\/wp\/v2\/eventcat?post=20582"},{"taxonomy":"organizer","embeddable":true,"href":"https:\/\/eventsmadeira.com\/en\/wp-json\/wp\/v2\/organizer?post=20582"},{"taxonomy":"event_tags","embeddable":true,"href":"https:\/\/eventsmadeira.com\/en\/wp-json\/wp\/v2\/event_tags?post=20582"},{"taxonomy":"location","embeddable":true,"href":"https:\/\/eventsmadeira.com\/en\/wp-json\/wp\/v2\/location?post=20582"}],"curies":[{"name":"wp","href":"https:\/\/api.w.org\/{rel}","templated":true}]}}