{"id":29301,"date":"2026-09-01T14:55:17","date_gmt":"2026-09-01T13:55:17","guid":{"rendered":"https:\/\/eventsmadeira.com\/?post_type=event&#038;p=29301"},"modified":"2026-09-01T14:55:24","modified_gmt":"2026-09-01T13:55:24","slug":"oficinas-de-carnaval","status":"publish","type":"event","link":"https:\/\/eventsmadeira.com\/en\/evento\/oficinas-de-carnaval\/","title":{"rendered":"Oficinas de Carnaval"},"content":{"rendered":"\n<p>Junto ao palco da Placa Central, nos dias e hor\u00e1rios designados, ter\u00e1 a oportunidade de aprender gratuitamente a preparar iguarias como o delicioso Bolo do Caco, as tradicionais Malassadas, os irresist\u00edveis Sonhos e muitas outras receitas tradicionais. Al\u00e9m disso, ser\u00e3o explorados outros elementos representativos da tradi\u00e7\u00e3o madeirense, numa experi\u00eancia que une sabor, hist\u00f3ria e alegria.<\/p>\n\n\n\n<p>Participe nas Oficinas de Carnaval e descubra a ess\u00eancia das tradi\u00e7\u00f5es madeirenses mais genu\u00ednas desta \u00e9poca festiva. Nestes momentos de aprendizagem e partilha, poder\u00e1 envolver-se na confe\u00e7\u00e3o de produtos t\u00edpicos, preservando o saber-fazer que caracteriza a cultura local.<br><\/p>\n\n\n\n<div aria-label=\"Carousel Gallery\" class=\"wp-block-coblocks-gallery-carousel alignfull\"><div class=\"coblocks-gallery-carousel-swiper-container is-cropped coblocks-gallery has-caption-style-dark has-horizontal-gutter has-no-thumbnails\"><div class=\"has-carousel has-carousel-lrg swiper-container has-aligned-cells has-responsive-height\" data-swiper=\"{&quot;alignCells&quot;:true,&quot;autoPlay&quot;:true,&quot;autoPlaySpeed&quot;:3000,&quot;draggable&quot;:true,&quot;freeMode&quot;:false,&quot;loop&quot;:false,&quot;navigation&quot;:true,&quot;pageDots&quot;:true,&quot;pauseHover&quot;:true,&quot;responsiveHeight&quot;:true,&quot;slidesPerView&quot;:2,&quot;thumbnails&quot;:false,&quot;uuid&quot;:&quot;12345&quot;}\" style=\"height:400px\"><div class=\"swiper-wrapper\"><div class=\"swiper-slide\"><div class=\"coblocks-gallery--item\" role=\"button\" tabindex=\"0\"><figure class=\"coblocks-gallery--figure has-margin-left-5 has-margin-left-mobile-5 has-margin-right-5 has-margin-right-mobile-5\"><img loading=\"lazy\" decoding=\"async\" width=\"1024\" height=\"589\" alt=\"\" class=\"wp-image-29303\" data-id=\"29303\" data-link=\"https:\/\/eventsmadeira.com\/?attachment_id=29303\" src=\"https:\/\/eventsmadeira.com\/oordypsa\/2026\/09\/Festa-de-Carnaval-2025-0044\u00a9Madeira-Promotion-Bureau-1130x650pxs-1024x589.jpg\" srcset=\"https:\/\/eventsmadeira.com\/oordypsa\/2026\/09\/Festa-de-Carnaval-2025-0044\u00a9Madeira-Promotion-Bureau-1130x650pxs-1024x589.jpg 1024w, https:\/\/eventsmadeira.com\/oordypsa\/2026\/09\/Festa-de-Carnaval-2025-0044\u00a9Madeira-Promotion-Bureau-1130x650pxs-700x403.jpg 700w, https:\/\/eventsmadeira.com\/oordypsa\/2026\/09\/Festa-de-Carnaval-2025-0044\u00a9Madeira-Promotion-Bureau-1130x650pxs-768x442.jpg 768w, https:\/\/eventsmadeira.com\/oordypsa\/2026\/09\/Festa-de-Carnaval-2025-0044\u00a9Madeira-Promotion-Bureau-1130x650pxs.jpg 1130w\" sizes=\"auto, (max-width: 1024px) 100vw, 1024px\" \/><\/figure><figcaption class=\"coblocks-gallery--caption coblocks-gallery--primary-caption\"><\/figcaption><\/div><\/div><div class=\"swiper-slide\"><div class=\"coblocks-gallery--item\" role=\"button\" tabindex=\"1\"><figure class=\"coblocks-gallery--figure has-margin-left-5 has-margin-left-mobile-5 has-margin-right-5 has-margin-right-mobile-5\"><img loading=\"lazy\" decoding=\"async\" width=\"1024\" height=\"589\" alt=\"\" class=\"wp-image-29304\" data-id=\"29304\" data-link=\"https:\/\/eventsmadeira.com\/?attachment_id=29304\" src=\"https:\/\/eventsmadeira.com\/oordypsa\/2026\/09\/Festa-de-Carnaval-2025-0044\u00a9Madeira-Promotion-Bureau-1130x650pxs-2-1024x589.jpg\" srcset=\"https:\/\/eventsmadeira.com\/oordypsa\/2026\/09\/Festa-de-Carnaval-2025-0044\u00a9Madeira-Promotion-Bureau-1130x650pxs-2-1024x589.jpg 1024w, https:\/\/eventsmadeira.com\/oordypsa\/2026\/09\/Festa-de-Carnaval-2025-0044\u00a9Madeira-Promotion-Bureau-1130x650pxs-2-700x403.jpg 700w, https:\/\/eventsmadeira.com\/oordypsa\/2026\/09\/Festa-de-Carnaval-2025-0044\u00a9Madeira-Promotion-Bureau-1130x650pxs-2-768x442.jpg 768w, https:\/\/eventsmadeira.com\/oordypsa\/2026\/09\/Festa-de-Carnaval-2025-0044\u00a9Madeira-Promotion-Bureau-1130x650pxs-2.jpg 1130w\" sizes=\"auto, (max-width: 1024px) 100vw, 1024px\" \/><\/figure><figcaption class=\"coblocks-gallery--caption coblocks-gallery--primary-caption\"><\/figcaption><\/div><\/div><div class=\"swiper-slide\"><div class=\"coblocks-gallery--item\" role=\"button\" tabindex=\"2\"><figure class=\"coblocks-gallery--figure has-margin-left-5 has-margin-left-mobile-5 has-margin-right-5 has-margin-right-mobile-5\"><img loading=\"lazy\" decoding=\"async\" width=\"1024\" height=\"589\" alt=\"\" class=\"wp-image-29305\" data-id=\"29305\" data-link=\"https:\/\/eventsmadeira.com\/?attachment_id=29305\" src=\"https:\/\/eventsmadeira.com\/oordypsa\/2026\/09\/Oficinas-de-Carnaval-2025_1130x650pxs-1-1024x589.jpg\" srcset=\"https:\/\/eventsmadeira.com\/oordypsa\/2026\/09\/Oficinas-de-Carnaval-2025_1130x650pxs-1-1024x589.jpg 1024w, https:\/\/eventsmadeira.com\/oordypsa\/2026\/09\/Oficinas-de-Carnaval-2025_1130x650pxs-1-700x403.jpg 700w, https:\/\/eventsmadeira.com\/oordypsa\/2026\/09\/Oficinas-de-Carnaval-2025_1130x650pxs-1-768x442.jpg 768w, https:\/\/eventsmadeira.com\/oordypsa\/2026\/09\/Oficinas-de-Carnaval-2025_1130x650pxs-1.jpg 1130w\" sizes=\"auto, (max-width: 1024px) 100vw, 1024px\" \/><\/figure><figcaption class=\"coblocks-gallery--caption coblocks-gallery--primary-caption\"><\/figcaption><\/div><\/div><\/div><button class=\"nav-button__prev\" id=\"12345-prev\"><svg class=\"icon\" style=\"transform:rotate(180deg)\"><\/svg><\/button><button class=\"nav-button__next\" id=\"12345-next\"><svg class=\"icon\"><\/svg><\/button><\/div><div class=\"wp-block-coblocks-gallery-carousel-page-dot-pagination-container\"><div class=\"wp-block-coblocks-gallery-carousel-page-dot-wrapper\"><button aria-label=\"view image 1 of 3 in carousel\" class=\"wp-block-coblocks-gallery-carousel-page-dot-pagination\"><\/button><button aria-label=\"view image 2 of 3 in carousel\" class=\"wp-block-coblocks-gallery-carousel-page-dot-pagination\"><\/button><button aria-label=\"view image 3 of 3 in carousel\" class=\"wp-block-coblocks-gallery-carousel-page-dot-pagination\"><\/button><\/div><\/div><\/div><\/div>\n","protected":false},"excerpt":{"rendered":"<p>Junto ao palco da Placa Central, nos dias e hor\u00e1rios designados, ter\u00e1 a oportunidade de aprender gratuitamente a preparar iguarias como o delicioso Bolo do Caco, as tradicionais Malassadas, os irresist\u00edveis Sonhos e muitas outras receitas tradicionais. Al\u00e9m disso, ser\u00e3o&#8230;<\/p>\n","protected":false},"author":2,"featured_media":29302,"comment_status":"closed","ping_status":"closed","template":"","meta":{"_coblocks_attr":"","_coblocks_dimensions":"","_coblocks_responsive_height":"","_coblocks_accordion_ie_support":"","footnotes":""},"eventcat":[],"organizer":[],"event_tags":[254,309],"location":[275],"class_list":["post-29301","event","type-event","status-publish","has-post-thumbnail","hentry","event_tags-carnaval","event_tags-cartaz-oficial","location-funchal"],"yoast_head":"\n<title>Oficinas de Carnaval - Events Madeira<\/title>\n<meta name=\"robots\" content=\"index, follow, max-snippet:-1, max-image-preview:large, max-video-preview:-1\" \/>\n<link rel=\"canonical\" href=\"https:\/\/eventsmadeira.com\/en\/evento\/oficinas-de-carnaval\/\" \/>\n<meta property=\"og:locale\" content=\"en_US\" \/>\n<meta property=\"og:type\" content=\"article\" \/>\n<meta property=\"og:title\" content=\"Oficinas de Carnaval - Events Madeira\" \/>\n<meta property=\"og:description\" content=\"Junto ao palco da Placa Central, nos dias e hor\u00e1rios designados, ter\u00e1 a oportunidade de aprender gratuitamente a preparar iguarias como o delicioso Bolo do Caco, as tradicionais Malassadas, os irresist\u00edveis Sonhos e muitas outras receitas tradicionais. Al\u00e9m disso, ser\u00e3o...\" \/>\n<meta property=\"og:url\" content=\"https:\/\/eventsmadeira.com\/en\/evento\/oficinas-de-carnaval\/\" \/>\n<meta property=\"og:site_name\" content=\"Events Madeira\" \/>\n<meta property=\"article:modified_time\" content=\"2026-09-01T13:55:24+00:00\" \/>\n<meta property=\"og:image\" content=\"https:\/\/eventsmadeira.com\/oordypsa\/2026\/09\/Oficinas-de-Carnaval-2025_1130x650pxs.jpg\" \/>\n\t<meta property=\"og:image:width\" content=\"1130\" \/>\n\t<meta property=\"og:image:height\" content=\"650\" \/>\n\t<meta property=\"og:image:type\" content=\"image\/jpeg\" \/>\n<meta name=\"twitter:card\" content=\"summary_large_image\" \/>\n<meta name=\"twitter:label1\" content=\"Est. reading time\" \/>\n\t<meta name=\"twitter:data1\" content=\"2 minutes\" \/>\n<script type=\"application\/ld+json\" class=\"yoast-schema-graph\">{\"@context\":\"https:\/\/schema.org\",\"@graph\":[{\"@type\":\"WebPage\",\"@id\":\"https:\/\/eventsmadeira.com\/en\/evento\/oficinas-de-carnaval\/\",\"url\":\"https:\/\/eventsmadeira.com\/en\/evento\/oficinas-de-carnaval\/\",\"name\":\"Oficinas de Carnaval - Events Madeira\",\"isPartOf\":{\"@id\":\"https:\/\/eventsmadeira.com\/en\/#website\"},\"primaryImageOfPage\":{\"@id\":\"https:\/\/eventsmadeira.com\/en\/evento\/oficinas-de-carnaval\/#primaryimage\"},\"image\":{\"@id\":\"https:\/\/eventsmadeira.com\/en\/evento\/oficinas-de-carnaval\/#primaryimage\"},\"thumbnailUrl\":\"https:\/\/eventsmadeira.com\/oordypsa\/2026\/09\/Oficinas-de-Carnaval-2025_1130x650pxs.jpg\",\"datePublished\":\"2026-09-01T13:55:17+00:00\",\"dateModified\":\"2026-09-01T13:55:24+00:00\",\"breadcrumb\":{\"@id\":\"https:\/\/eventsmadeira.com\/en\/evento\/oficinas-de-carnaval\/#breadcrumb\"},\"inLanguage\":\"en-US\",\"potentialAction\":[{\"@type\":\"ReadAction\",\"target\":[\"https:\/\/eventsmadeira.com\/en\/evento\/oficinas-de-carnaval\/\"]}]},{\"@type\":\"ImageObject\",\"inLanguage\":\"en-US\",\"@id\":\"https:\/\/eventsmadeira.com\/en\/evento\/oficinas-de-carnaval\/#primaryimage\",\"url\":\"https:\/\/eventsmadeira.com\/oordypsa\/2026\/09\/Oficinas-de-Carnaval-2025_1130x650pxs.jpg\",\"contentUrl\":\"https:\/\/eventsmadeira.com\/oordypsa\/2026\/09\/Oficinas-de-Carnaval-2025_1130x650pxs.jpg\",\"width\":1130,\"height\":650},{\"@type\":\"BreadcrumbList\",\"@id\":\"https:\/\/eventsmadeira.com\/en\/evento\/oficinas-de-carnaval\/#breadcrumb\",\"itemListElement\":[{\"@type\":\"ListItem\",\"position\":1,\"name\":\"Home\",\"item\":\"https:\/\/eventsmadeira.com\/en\/\"},{\"@type\":\"ListItem\",\"position\":2,\"name\":\"Events\",\"item\":\"https:\/\/eventsmadeira.com\/en\/event\/\"},{\"@type\":\"ListItem\",\"position\":3,\"name\":\"Oficinas de Carnaval\"}]},{\"@type\":\"WebSite\",\"@id\":\"https:\/\/eventsmadeira.com\/en\/#website\",\"url\":\"https:\/\/eventsmadeira.com\/en\/\",\"name\":\"Events Madeira\",\"description\":\"\",\"potentialAction\":[{\"@type\":\"SearchAction\",\"target\":{\"@type\":\"EntryPoint\",\"urlTemplate\":\"https:\/\/eventsmadeira.com\/en\/?s={search_term_string}\"},\"query-input\":{\"@type\":\"PropertyValueSpecification\",\"valueRequired\":true,\"valueName\":\"search_term_string\"}}],\"inLanguage\":\"en-US\"}]}<\/script>\n","yoast_head_json":{"title":"Oficinas de Carnaval - Events Madeira","robots":{"index":"index","follow":"follow","max-snippet":"max-snippet:-1","max-image-preview":"max-image-preview:large","max-video-preview":"max-video-preview:-1"},"canonical":"https:\/\/eventsmadeira.com\/en\/evento\/oficinas-de-carnaval\/","og_locale":"en_US","og_type":"article","og_title":"Oficinas de Carnaval - Events Madeira","og_description":"Junto ao palco da Placa Central, nos dias e hor\u00e1rios designados, ter\u00e1 a oportunidade de aprender gratuitamente a preparar iguarias como o delicioso Bolo do Caco, as tradicionais Malassadas, os irresist\u00edveis Sonhos e muitas outras receitas tradicionais. Al\u00e9m disso, ser\u00e3o...","og_url":"https:\/\/eventsmadeira.com\/en\/evento\/oficinas-de-carnaval\/","og_site_name":"Events Madeira","article_modified_time":"2026-09-01T13:55:24+00:00","og_image":[{"width":1130,"height":650,"url":"https:\/\/eventsmadeira.com\/oordypsa\/2026\/09\/Oficinas-de-Carnaval-2025_1130x650pxs.jpg","type":"image\/jpeg"}],"twitter_card":"summary_large_image","twitter_misc":{"Est. reading time":"2 minutes"},"schema":{"@context":"https:\/\/schema.org","@graph":[{"@type":"WebPage","@id":"https:\/\/eventsmadeira.com\/en\/evento\/oficinas-de-carnaval\/","url":"https:\/\/eventsmadeira.com\/en\/evento\/oficinas-de-carnaval\/","name":"Oficinas de Carnaval - Events Madeira","isPartOf":{"@id":"https:\/\/eventsmadeira.com\/en\/#website"},"primaryImageOfPage":{"@id":"https:\/\/eventsmadeira.com\/en\/evento\/oficinas-de-carnaval\/#primaryimage"},"image":{"@id":"https:\/\/eventsmadeira.com\/en\/evento\/oficinas-de-carnaval\/#primaryimage"},"thumbnailUrl":"https:\/\/eventsmadeira.com\/oordypsa\/2026\/09\/Oficinas-de-Carnaval-2025_1130x650pxs.jpg","datePublished":"2026-09-01T13:55:17+00:00","dateModified":"2026-09-01T13:55:24+00:00","breadcrumb":{"@id":"https:\/\/eventsmadeira.com\/en\/evento\/oficinas-de-carnaval\/#breadcrumb"},"inLanguage":"en-US","potentialAction":[{"@type":"ReadAction","target":["https:\/\/eventsmadeira.com\/en\/evento\/oficinas-de-carnaval\/"]}]},{"@type":"ImageObject","inLanguage":"en-US","@id":"https:\/\/eventsmadeira.com\/en\/evento\/oficinas-de-carnaval\/#primaryimage","url":"https:\/\/eventsmadeira.com\/oordypsa\/2026\/09\/Oficinas-de-Carnaval-2025_1130x650pxs.jpg","contentUrl":"https:\/\/eventsmadeira.com\/oordypsa\/2026\/09\/Oficinas-de-Carnaval-2025_1130x650pxs.jpg","width":1130,"height":650},{"@type":"BreadcrumbList","@id":"https:\/\/eventsmadeira.com\/en\/evento\/oficinas-de-carnaval\/#breadcrumb","itemListElement":[{"@type":"ListItem","position":1,"name":"Home","item":"https:\/\/eventsmadeira.com\/en\/"},{"@type":"ListItem","position":2,"name":"Events","item":"https:\/\/eventsmadeira.com\/en\/event\/"},{"@type":"ListItem","position":3,"name":"Oficinas de Carnaval"}]},{"@type":"WebSite","@id":"https:\/\/eventsmadeira.com\/en\/#website","url":"https:\/\/eventsmadeira.com\/en\/","name":"Events Madeira","description":"","potentialAction":[{"@type":"SearchAction","target":{"@type":"EntryPoint","urlTemplate":"https:\/\/eventsmadeira.com\/en\/?s={search_term_string}"},"query-input":{"@type":"PropertyValueSpecification","valueRequired":true,"valueName":"search_term_string"}}],"inLanguage":"en-US"}]}},"_links":{"self":[{"href":"https:\/\/eventsmadeira.com\/en\/wp-json\/wp\/v2\/event\/29301","targetHints":{"allow":["GET"]}}],"collection":[{"href":"https:\/\/eventsmadeira.com\/en\/wp-json\/wp\/v2\/event"}],"about":[{"href":"https:\/\/eventsmadeira.com\/en\/wp-json\/wp\/v2\/types\/event"}],"author":[{"embeddable":true,"href":"https:\/\/eventsmadeira.com\/en\/wp-json\/wp\/v2\/users\/2"}],"replies":[{"embeddable":true,"href":"https:\/\/eventsmadeira.com\/en\/wp-json\/wp\/v2\/comments?post=29301"}],"version-history":[{"count":1,"href":"https:\/\/eventsmadeira.com\/en\/wp-json\/wp\/v2\/event\/29301\/revisions"}],"predecessor-version":[{"id":29306,"href":"https:\/\/eventsmadeira.com\/en\/wp-json\/wp\/v2\/event\/29301\/revisions\/29306"}],"wp:featuredmedia":[{"embeddable":true,"href":"https:\/\/eventsmadeira.com\/en\/wp-json\/wp\/v2\/media\/29302"}],"wp:attachment":[{"href":"https:\/\/eventsmadeira.com\/en\/wp-json\/wp\/v2\/media?parent=29301"}],"wp:term":[{"taxonomy":"eventcat","embeddable":true,"href":"https:\/\/eventsmadeira.com\/en\/wp-json\/wp\/v2\/eventcat?post=29301"},{"taxonomy":"organizer","embeddable":true,"href":"https:\/\/eventsmadeira.com\/en\/wp-json\/wp\/v2\/organizer?post=29301"},{"taxonomy":"event_tags","embeddable":true,"href":"https:\/\/eventsmadeira.com\/en\/wp-json\/wp\/v2\/event_tags?post=29301"},{"taxonomy":"location","embeddable":true,"href":"https:\/\/eventsmadeira.com\/en\/wp-json\/wp\/v2\/location?post=29301"}],"curies":[{"name":"wp","href":"https:\/\/api.w.org\/{rel}","templated":true}]}}