{"id":4965,"date":"2020-12-10T00:44:55","date_gmt":"2020-12-10T00:44:55","guid":{"rendered":"https:\/\/eventsmadeira.com\/event\/flower-festival-2\/"},"modified":"2026-04-27T17:33:33","modified_gmt":"2026-04-27T16:33:33","slug":"flower-festival-2","status":"publish","type":"event","link":"https:\/\/eventsmadeira.com\/en\/event\/flower-festival-2\/","title":{"rendered":"Flower Festival"},"content":{"rendered":"\n<p id=\"block-d629ca45-93af-4bb0-9ae3-18c1fdfc016b\">It is undoubtedly the most emblematic event in the Madeira archipelago and also the most colourful. For several weeks, Funchal is filled with the scent of flowers and the joy of thousands of tourists who come here.<br><br>The construction of the Wall of Hope, symbolised by the placement of flowers by children, and the floral carpets that stretch across the streets are unique moments of this event.<br><br>This year, the Flower Festival brings something new: two incredible parades, on <strong>3 and 17 May<\/strong>, with around a thousand participants of all ages, are the highlight of the parade of scents that enchants our main city.<br><br>And to further enhance these weeks of festival, the Flower Festival is brightened by a car parade, consisting of classic cars, which combine their incomparable beauty with the simplicity and charm of floral arrangements.<br><br>A mix of magic not to be missed!<br><\/p>\n\n\n\n<figure class=\"wp-block-image size-full is-resized\"><img loading=\"lazy\" decoding=\"async\" width=\"696\" height=\"864\" src=\"https:\/\/eventsmadeira.com\/oordypsa\/2020\/12\/Festa-da-Flor-2026-EN.jpg\" alt=\"\" class=\"wp-image-27055\" style=\"width:840px;height:auto\" srcset=\"https:\/\/eventsmadeira.com\/oordypsa\/2020\/12\/Festa-da-Flor-2026-EN.jpg 696w, https:\/\/eventsmadeira.com\/oordypsa\/2020\/12\/Festa-da-Flor-2026-EN-564x700.jpg 564w\" sizes=\"auto, (max-width: 696px) 100vw, 696px\" \/><\/figure>\n\n\n\n<p><strong><a href=\"https:\/\/issuu.com\/apmadeirapt\/docs\/flower_festival-_programme_2026_\" target=\"_blank\" rel=\"noreferrer noopener\">Flower Festival 2026 &#8211; Official Programme &#8211; english version<\/a><\/strong><\/p>\n\n\n\n<p><strong><a href=\"https:\/\/www.madeira.gov.pt\/\/Portals\/55\/Documentos\/Cartazes%20Eventos%20SRTC\/Festa%20da%20Flor%202026--EN.jpg\" target=\"_blank\" rel=\"noreferrer noopener\">Flower Festival 2026 | Poster &#8211; english version <\/a><\/strong><br><a href=\"https:\/\/www.madeira.gov.pt\/Portals\/55\/Documentos\/Cartazes%20Eventos%20SRTC\/Festa-da-Flor-da-Madeira-2026_EN_4.pdf?ver=wimJ7EuAXeXfsZ9-UWU6wA%3d%3d\"><br><strong>Flower Festival 2026 | Related Events &#8211; english version<\/strong><\/a><br><br><br>For the purpose of <strong>ticket reservation and purchase<\/strong> for the &#8211; <strong>FLOWER FESTIVAL PARADES STANDS 2026<\/strong>, held on <strong>May 3rd, 10th, and 17th<\/strong>, please contact the associations listed below:<br><br><strong>ABM &#8211; Associa\u00e7\u00e3o de Batucada da Madeira<\/strong><br>Mr. Jos\u00e9 Rodrigues \u2013 Ph. (+351) 965 077 816<br>E-mail: <a href=\"mailto:batucadamadeira@gmail.com\" target=\"_blank\" rel=\"noreferrer noopener\">batucadamadeira@gmail.com<\/a><\/p>\n\n\n\n<p><strong>ADN \u2013 Ponta do SOL &#8211; Associa\u00e7\u00e3o de Desporto e Natureza<\/strong><br>Ms. T\u00e2nia Faria &#8211; Ph. (+351) 966 453 170<br>E-mail: <a href=\"mailto:adnmadeira@gmail.com\" target=\"_blank\" rel=\"noreferrer noopener\">adnmadeira@gmail.com<\/a><\/p>\n\n\n\n<p><strong>AFM &#8211; Associa\u00e7\u00e3o de Fado da Madeira<\/strong><br>Mr. Eduardo Figueira \u2013 Ph. (+351) 968 123 742<br>E-mail: <a href=\"mailto:afm.fadomadeira@gmail.com\" target=\"_blank\" rel=\"noreferrer noopener\">afm.fadomadeira@gmail.com<\/a><br><br><strong>Associa\u00e7\u00e3o de Anima\u00e7\u00e3o Geringon\u00e7a<\/strong><br>Mr. Ricardo Lapa \u2013 Ph. (+351) 916 737 988<br>E-mail: <a href=\"mailto:geringonca87@gmail.com\" target=\"_blank\" rel=\"noreferrer noopener\">geringonca87@gmail.com<\/a><br><br><strong>Associa\u00e7\u00e3o Fitness Team<\/strong><br>Ms. Carina Pestana \u2013 Ph. (+351) 966 255 206<br>E-mail: <a href=\"mailto:associacaoft@hotmail.com\" target=\"_blank\" rel=\"noreferrer noopener\">associacaoft@hotmail.com<\/a><br><br><strong>Grupo de Folclore Monte Verde<\/strong><br>Mr. Marco Mendon\u00e7a \u2013 Ph. (+351) 968 117 230<br>Email:<a href=\"geral@gfmonteverde.com\" target=\"_blank\" rel=\"noreferrer noopener\"> geral@gfmonteverde.com<\/a><\/p>\n\n\n\n<p><strong>Nuvem D\u00b4Afectos \u2013 Associa\u00e7\u00e3o Cultural e Recreativa<\/strong><br>Mr. Duarte N\u00f3brega \u2013 Ph. (+351) 960 359 297<br>Email: <a href=\"mailto:nuvemdeafectos@gmail.com\" target=\"_blank\" rel=\"noreferrer noopener\">nuvemdeafectos@gmail.com<\/a><\/p>\n\n\n\n<p><strong>Palco D\u00b4Emo\u00e7\u00f5es \u2013 Associa\u00e7\u00e3o Cultural, Recreativa, Desportiva e Escola de Samba<\/strong><br>Mr. Ant\u00f3nio Figueiroa &#8211; Ph. (+351) 925 790 509<br>E-mail: <a href=\"mailto:geral.palcodemocoes@gmail.com\" target=\"_blank\" rel=\"noreferrer noopener\">geral.palcodemocoes@gmail.com<\/a><\/p>\n\n\n\n<p><strong>Retoi\u00e7a \u2013 Associa\u00e7\u00e3o Cultural, Desportiva e Recreativa<\/strong><br>Mr. S\u00e9rgio Teixeira \u2013 Ph. (+351) 966 136 398<br>E-mail: <a href=\"mailto:madeiratribune@gmail.com\" target=\"_blank\" rel=\"noreferrer noopener\">madeiratribune@gmail.com<\/a><br><br><br><strong><a href=\"https:\/\/www.madeira.gov.pt\/\/Portals\/55\/Documentos\/Cartazes%20Eventos%20SRTC\/MAPA%20BANCADAS%20FLOR%202026.pdf\" target=\"_blank\" rel=\"noreferrer noopener\">Stand\u00b4s Map |  Flower Festival Parades 2026  &#8211; May,3rd and 17th &#8211; (check here)<\/a><br><a href=\"https:\/\/www.madeira.gov.pt\/\/Portals\/55\/Documentos\/Cartazes%20Eventos%20SRTC\/MAPA%20BANCADAS%20AUTO%20PARADE%202026.pdf\" target=\"_blank\" rel=\"noreferrer noopener\">Stand\u00b4s Map |  <em>Madeira Flower Classic Parade <\/em> 2026 &#8211; May,10th &#8211; (check here)<\/a><\/strong><br><\/p>\n\n\n\n<figure class=\"wp-block-embed is-type-video is-provider-youtube wp-block-embed-youtube wp-embed-aspect-16-9 wp-has-aspect-ratio\"><div class=\"wp-block-embed__wrapper\">\n<iframe loading=\"lazy\" title=\"FLOWER FESTIVAL\" width=\"500\" height=\"281\" src=\"https:\/\/www.youtube.com\/embed\/1tn23CSGDiE?feature=oembed\" frameborder=\"0\" allow=\"accelerometer; autoplay; clipboard-write; encrypted-media; gyroscope; picture-in-picture; web-share\" referrerpolicy=\"strict-origin-when-cross-origin\" allowfullscreen><\/iframe>\n<\/div><\/figure>\n\n\n\n<p id=\"block-d629ca45-93af-4bb0-9ae3-18c1fdfc016b\"><\/p>\n\n\n\n<div aria-label=\"Carousel Gallery\" class=\"wp-block-coblocks-gallery-carousel\"><div class=\"coblocks-gallery-carousel-swiper-container is-cropped coblocks-gallery has-no-alignment has-caption-style-dark has-horizontal-gutter has-no-thumbnails\"><div class=\"has-carousel has-carousel-lrg swiper-container\" data-swiper=\"{&quot;alignCells&quot;:false,&quot;autoPlay&quot;:false,&quot;autoPlaySpeed&quot;:3000,&quot;draggable&quot;:true,&quot;freeMode&quot;:false,&quot;loop&quot;:false,&quot;navigation&quot;:true,&quot;pageDots&quot;:false,&quot;pauseHover&quot;:false,&quot;responsiveHeight&quot;:false,&quot;slidesPerView&quot;:2,&quot;thumbnails&quot;:false,&quot;uuid&quot;:&quot;12345&quot;}\" style=\"height:400px\"><div class=\"swiper-wrapper\"><div class=\"swiper-slide\"><div class=\"coblocks-gallery--item\" role=\"button\"><figure class=\"coblocks-gallery--figure has-margin-left-5 has-margin-left-mobile-5 has-margin-right-5 has-margin-right-mobile-5\"><img decoding=\"async\" alt=\"\" class=\"wp-image-18905\" data-id=\"18905\" data-link=\"https:\/\/eventsmadeira.com\/en\/event\/flower-festival-2\/festa-da-flor-2023-0191francisco-correia-1-2\/\" src=\"https:\/\/eventsmadeira.com\/oordypsa\/2024\/04\/Festa-da-Flor-2023-0191\u00a9Francisco-Correia-1.jpg\" \/><\/figure><figcaption class=\"coblocks-gallery--caption coblocks-gallery--primary-caption\"><\/figcaption><\/div><\/div><div class=\"swiper-slide\"><div class=\"coblocks-gallery--item\" role=\"button\"><figure class=\"coblocks-gallery--figure has-margin-left-5 has-margin-left-mobile-5 has-margin-right-5 has-margin-right-mobile-5\"><img decoding=\"async\" alt=\"\" class=\"wp-image-18903\" data-id=\"18903\" data-link=\"https:\/\/eventsmadeira.com\/en\/event\/flower-festival-2\/festa-da-flor-muro-da-esperanca1francisco-correia-2\/\" src=\"https:\/\/eventsmadeira.com\/oordypsa\/2024\/04\/Festa-da-Flor-Muro-da-Esperanca1\u00a9Francisco-Correia.jpg\" \/><\/figure><figcaption class=\"coblocks-gallery--caption coblocks-gallery--primary-caption\"><\/figcaption><\/div><\/div><div class=\"swiper-slide\"><div class=\"coblocks-gallery--item\" role=\"button\"><figure class=\"coblocks-gallery--figure has-margin-left-5 has-margin-left-mobile-5 has-margin-right-5 has-margin-right-mobile-5\"><img decoding=\"async\" alt=\"\" class=\"wp-image-18901\" data-id=\"18901\" data-link=\"https:\/\/eventsmadeira.com\/en\/event\/flower-festival-2\/festa-da-flor-2023-0008francisco-correia-2\/\" src=\"https:\/\/eventsmadeira.com\/oordypsa\/2024\/04\/Festa-da-Flor-2023-0008\u00a9Francisco-Correia.jpg\" \/><\/figure><figcaption class=\"coblocks-gallery--caption coblocks-gallery--primary-caption\"><\/figcaption><\/div><\/div><div class=\"swiper-slide\"><div class=\"coblocks-gallery--item\" role=\"button\"><figure class=\"coblocks-gallery--figure has-margin-left-5 has-margin-left-mobile-5 has-margin-right-5 has-margin-right-mobile-5\"><img decoding=\"async\" alt=\"\" class=\"wp-image-18899\" data-id=\"18899\" data-link=\"https:\/\/eventsmadeira.com\/en\/event\/flower-festival-2\/festa-da-flor4francisco-correia-2\/\" src=\"https:\/\/eventsmadeira.com\/oordypsa\/2024\/04\/Festa-da-Flor4\u00a9Francisco-Correia.jpg\" \/><\/figure><figcaption class=\"coblocks-gallery--caption coblocks-gallery--primary-caption\"><\/figcaption><\/div><\/div><div class=\"swiper-slide\"><div class=\"coblocks-gallery--item\" role=\"button\"><figure class=\"coblocks-gallery--figure has-margin-left-5 has-margin-left-mobile-5 has-margin-right-5 has-margin-right-mobile-5\"><img decoding=\"async\" alt=\"\" class=\"wp-image-18897\" data-id=\"18897\" data-link=\"https:\/\/eventsmadeira.com\/en\/event\/flower-festival-2\/festa-da-flor3francisco-correia-2\/\" src=\"https:\/\/eventsmadeira.com\/oordypsa\/2024\/04\/Festa-da-Flor3\u00a9Francisco-Correia.jpg\" \/><\/figure><figcaption class=\"coblocks-gallery--caption coblocks-gallery--primary-caption\"><\/figcaption><\/div><\/div><div class=\"swiper-slide\"><div class=\"coblocks-gallery--item\" role=\"button\"><figure class=\"coblocks-gallery--figure has-margin-left-5 has-margin-left-mobile-5 has-margin-right-5 has-margin-right-mobile-5\"><img decoding=\"async\" alt=\"\" class=\"wp-image-18896\" data-id=\"18896\" data-link=\"https:\/\/eventsmadeira.com\/en\/event\/flower-festival-2\/festa-da-flor-2023-0999francisco-correia-2\/\" src=\"https:\/\/eventsmadeira.com\/oordypsa\/2024\/04\/Festa-da-Flor-2023-0999\u00a9Francisco-Correia.jpg\" \/><\/figure><figcaption class=\"coblocks-gallery--caption coblocks-gallery--primary-caption\"><\/figcaption><\/div><\/div><div class=\"swiper-slide\"><div class=\"coblocks-gallery--item\" role=\"button\"><figure class=\"coblocks-gallery--figure has-margin-left-5 has-margin-left-mobile-5 has-margin-right-5 has-margin-right-mobile-5\"><img decoding=\"async\" alt=\"\" class=\"wp-image-18892\" data-id=\"18892\" data-link=\"https:\/\/eventsmadeira.com\/en\/event\/flower-festival-2\/festa-da-flor-2023-0191francisco-correia-2\/\" src=\"https:\/\/eventsmadeira.com\/oordypsa\/2024\/04\/Festa-da-Flor-2023-0191\u00a9Francisco-Correia.jpg\" \/><\/figure><figcaption class=\"coblocks-gallery--caption coblocks-gallery--primary-caption\"><\/figcaption><\/div><\/div><div class=\"swiper-slide\"><div class=\"coblocks-gallery--item\" role=\"button\"><figure class=\"coblocks-gallery--figure has-margin-left-5 has-margin-left-mobile-5 has-margin-right-5 has-margin-right-mobile-5\"><img decoding=\"async\" alt=\"\" class=\"wp-image-18891\" data-id=\"18891\" data-link=\"https:\/\/eventsmadeira.com\/en\/event\/flower-festival-2\/festa-da-flor_madeira-flower-collection_2022_109francisco-correia-2\/\" src=\"https:\/\/eventsmadeira.com\/oordypsa\/2024\/04\/Festa-da-Flor_Madeira-Flower-Collection_2022_109\u00a9Francisco-Correia.jpg\" \/><\/figure><figcaption class=\"coblocks-gallery--caption coblocks-gallery--primary-caption\"><\/figcaption><\/div><\/div><div class=\"swiper-slide\"><div class=\"coblocks-gallery--item\" role=\"button\"><figure class=\"coblocks-gallery--figure has-margin-left-5 has-margin-left-mobile-5 has-margin-right-5 has-margin-right-mobile-5\"><img decoding=\"async\" alt=\"\" class=\"wp-image-18889\" data-id=\"18889\" data-link=\"https:\/\/eventsmadeira.com\/en\/event\/flower-festival-2\/festa-da-flor-2023-0243francisco-correia-2\/\" src=\"https:\/\/eventsmadeira.com\/oordypsa\/2024\/04\/Festa-da-Flor-2023-0243\u00a9Francisco-Correia.jpg\" \/><\/figure><figcaption class=\"coblocks-gallery--caption coblocks-gallery--primary-caption\"><\/figcaption><\/div><\/div><div class=\"swiper-slide\"><div class=\"coblocks-gallery--item\" role=\"button\"><figure class=\"coblocks-gallery--figure has-margin-left-5 has-margin-left-mobile-5 has-margin-right-5 has-margin-right-mobile-5\"><img decoding=\"async\" alt=\"\" class=\"wp-image-18888\" data-id=\"18888\" data-link=\"https:\/\/eventsmadeira.com\/en\/event\/flower-festival-2\/festa-da-flor-2023-0197francisco-correia-2\/\" src=\"https:\/\/eventsmadeira.com\/oordypsa\/2024\/04\/Festa-da-Flor-2023-0197\u00a9Francisco-Correia.jpg\" \/><\/figure><figcaption class=\"coblocks-gallery--caption coblocks-gallery--primary-caption\"><\/figcaption><\/div><\/div><div class=\"swiper-slide\"><div class=\"coblocks-gallery--item\" role=\"button\"><figure class=\"coblocks-gallery--figure has-margin-left-5 has-margin-left-mobile-5 has-margin-right-5 has-margin-right-mobile-5\"><img decoding=\"async\" alt=\"\" class=\"wp-image-18885\" data-id=\"18885\" data-link=\"https:\/\/eventsmadeira.com\/en\/event\/flower-festival-2\/festa-da-flor_artesanato_2022132francisco-correia-2\/\" src=\"https:\/\/eventsmadeira.com\/oordypsa\/2024\/04\/Festa-da-Flor_Artesanato_2022132\u00a9Francisco-Correia.jpg\" \/><\/figure><figcaption class=\"coblocks-gallery--caption coblocks-gallery--primary-caption\"><\/figcaption><\/div><\/div><div class=\"swiper-slide\"><div class=\"coblocks-gallery--item\" role=\"button\"><figure class=\"coblocks-gallery--figure has-margin-left-5 has-margin-left-mobile-5 has-margin-right-5 has-margin-right-mobile-5\"><img decoding=\"async\" alt=\"\" class=\"wp-image-18882\" data-id=\"18882\" data-link=\"https:\/\/eventsmadeira.com\/en\/event\/flower-festival-2\/festa-da-flor_madeira-flower-collection_2022_034francisco-correia-2\/\" src=\"https:\/\/eventsmadeira.com\/oordypsa\/2024\/04\/Festa-da-Flor_Madeira-Flower-Collection_2022_034\u00a9Francisco-Correia.jpg\" \/><\/figure><figcaption class=\"coblocks-gallery--caption coblocks-gallery--primary-caption\"><\/figcaption><\/div><\/div><div class=\"swiper-slide\"><div class=\"coblocks-gallery--item\" role=\"button\"><figure class=\"coblocks-gallery--figure has-margin-left-5 has-margin-left-mobile-5 has-margin-right-5 has-margin-right-mobile-5\"><img decoding=\"async\" alt=\"\" class=\"wp-image-18900\" data-id=\"18900\" data-link=\"https:\/\/eventsmadeira.com\/en\/event\/flower-festival-2\/festa-da-flor-2023-0205francisco-correia-2\/\" src=\"https:\/\/eventsmadeira.com\/oordypsa\/2024\/04\/Festa-da-Flor-2023-0205\u00a9Francisco-Correia.jpg\" \/><\/figure><figcaption class=\"coblocks-gallery--caption coblocks-gallery--primary-caption\"><\/figcaption><\/div><\/div><div class=\"swiper-slide\"><div class=\"coblocks-gallery--item\" role=\"button\"><figure class=\"coblocks-gallery--figure has-margin-left-5 has-margin-left-mobile-5 has-margin-right-5 has-margin-right-mobile-5\"><img decoding=\"async\" alt=\"\" class=\"wp-image-18880\" data-id=\"18880\" data-link=\"https:\/\/eventsmadeira.com\/en\/event\/flower-festival-2\/festa-da-flor_consertos-da-flor_2022088francisco-correia-2\/\" src=\"https:\/\/eventsmadeira.com\/oordypsa\/2024\/04\/Festa-da-Flor_Consertos-da-Flor_2022088\u00a9Francisco-Correia.jpg\" \/><\/figure><figcaption class=\"coblocks-gallery--caption coblocks-gallery--primary-caption\"><\/figcaption><\/div><\/div><div class=\"swiper-slide\"><div class=\"coblocks-gallery--item\" role=\"button\"><figure class=\"coblocks-gallery--figure has-margin-left-5 has-margin-left-mobile-5 has-margin-right-5 has-margin-right-mobile-5\"><img decoding=\"async\" alt=\"\" class=\"wp-image-18877\" data-id=\"18877\" data-link=\"https:\/\/eventsmadeira.com\/en\/event\/flower-festival-2\/festa-da-flor-2023-0865francisco-correia-2\/\" src=\"https:\/\/eventsmadeira.com\/oordypsa\/2024\/04\/Festa-da-Flor-2023-0865\u00a9Francisco-Correia.jpg\" \/><\/figure><figcaption class=\"coblocks-gallery--caption coblocks-gallery--primary-caption\"><\/figcaption><\/div><\/div><div class=\"swiper-slide\"><div class=\"coblocks-gallery--item\" role=\"button\"><figure class=\"coblocks-gallery--figure has-margin-left-5 has-margin-left-mobile-5 has-margin-right-5 has-margin-right-mobile-5\"><img decoding=\"async\" alt=\"\" class=\"wp-image-18873\" data-id=\"18873\" data-link=\"https:\/\/eventsmadeira.com\/en\/event\/flower-festival-2\/festa-da-flor-2023-0457francisco-correia-2\/\" src=\"https:\/\/eventsmadeira.com\/oordypsa\/2024\/04\/Festa-da-Flor-2023-0457\u00a9Francisco-Correia.jpg\" \/><\/figure><figcaption class=\"coblocks-gallery--caption coblocks-gallery--primary-caption\"><\/figcaption><\/div><\/div><\/div><button class=\"nav-button__prev\" id=\"12345-prev\"><\/button><button class=\"nav-button__next\" id=\"12345-next\"><\/button><\/div><\/div><\/div>\n","protected":false},"excerpt":{"rendered":"<p>It is undoubtedly the most emblematic event in the Madeira archipelago and also the most colourful. For several weeks, Funchal is filled with the scent of flowers and the joy of thousands of tourists who come here. The construction of&#8230;<\/p>\n","protected":false},"author":2,"featured_media":27356,"comment_status":"closed","ping_status":"closed","template":"","meta":{"_coblocks_attr":"","_coblocks_dimensions":"","_coblocks_responsive_height":"","_coblocks_accordion_ie_support":"","footnotes":""},"eventcat":[252,247],"organizer":[],"event_tags":[297],"location":[295],"class_list":["post-4965","event","type-event","status-publish","has-post-thumbnail","hentry","eventcat-official-poster","eventcat-parade","event_tags-flower-festival","location-funchal-en"],"yoast_head":"\n<title>Flower Festival - Events Madeira<\/title>\n<meta name=\"robots\" content=\"index, follow, max-snippet:-1, max-image-preview:large, max-video-preview:-1\" \/>\n<link rel=\"canonical\" href=\"https:\/\/eventsmadeira.com\/en\/event\/flower-festival-2\/\" \/>\n<meta property=\"og:locale\" content=\"en_US\" \/>\n<meta property=\"og:type\" content=\"article\" \/>\n<meta property=\"og:title\" content=\"Flower Festival - Events Madeira\" \/>\n<meta property=\"og:description\" content=\"It is undoubtedly the most emblematic event in the Madeira archipelago and also the most colourful. For several weeks, Funchal is filled with the scent of flowers and the joy of thousands of tourists who come here. The construction of...\" \/>\n<meta property=\"og:url\" content=\"https:\/\/eventsmadeira.com\/en\/event\/flower-festival-2\/\" \/>\n<meta property=\"og:site_name\" content=\"Events Madeira\" \/>\n<meta property=\"article:modified_time\" content=\"2026-04-27T16:33:33+00:00\" \/>\n<meta property=\"og:image\" content=\"https:\/\/eventsmadeira.com\/oordypsa\/2020\/12\/banners-visitmadeira-1920x1080-8.jpg\" \/>\n\t<meta property=\"og:image:width\" content=\"1920\" \/>\n\t<meta property=\"og:image:height\" content=\"1080\" \/>\n\t<meta property=\"og:image:type\" content=\"image\/jpeg\" \/>\n<meta name=\"twitter:card\" content=\"summary_large_image\" \/>\n<meta name=\"twitter:label1\" content=\"Est. reading time\" \/>\n\t<meta name=\"twitter:data1\" content=\"6 minutes\" \/>\n<script type=\"application\/ld+json\" class=\"yoast-schema-graph\">{\"@context\":\"https:\/\/schema.org\",\"@graph\":[{\"@type\":\"WebPage\",\"@id\":\"https:\/\/eventsmadeira.com\/en\/event\/flower-festival-2\/\",\"url\":\"https:\/\/eventsmadeira.com\/en\/event\/flower-festival-2\/\",\"name\":\"Flower Festival - Events Madeira\",\"isPartOf\":{\"@id\":\"https:\/\/eventsmadeira.com\/en\/#website\"},\"primaryImageOfPage\":{\"@id\":\"https:\/\/eventsmadeira.com\/en\/event\/flower-festival-2\/#primaryimage\"},\"image\":{\"@id\":\"https:\/\/eventsmadeira.com\/en\/event\/flower-festival-2\/#primaryimage\"},\"thumbnailUrl\":\"https:\/\/eventsmadeira.com\/oordypsa\/2020\/12\/banners-visitmadeira-1920x1080-8.jpg\",\"datePublished\":\"2020-12-10T00:44:55+00:00\",\"dateModified\":\"2026-04-27T16:33:33+00:00\",\"breadcrumb\":{\"@id\":\"https:\/\/eventsmadeira.com\/en\/event\/flower-festival-2\/#breadcrumb\"},\"inLanguage\":\"en-US\",\"potentialAction\":[{\"@type\":\"ReadAction\",\"target\":[\"https:\/\/eventsmadeira.com\/en\/event\/flower-festival-2\/\"]}]},{\"@type\":\"ImageObject\",\"inLanguage\":\"en-US\",\"@id\":\"https:\/\/eventsmadeira.com\/en\/event\/flower-festival-2\/#primaryimage\",\"url\":\"https:\/\/eventsmadeira.com\/oordypsa\/2020\/12\/banners-visitmadeira-1920x1080-8.jpg\",\"contentUrl\":\"https:\/\/eventsmadeira.com\/oordypsa\/2020\/12\/banners-visitmadeira-1920x1080-8.jpg\",\"width\":1920,\"height\":1080},{\"@type\":\"BreadcrumbList\",\"@id\":\"https:\/\/eventsmadeira.com\/en\/event\/flower-festival-2\/#breadcrumb\",\"itemListElement\":[{\"@type\":\"ListItem\",\"position\":1,\"name\":\"Home\",\"item\":\"https:\/\/eventsmadeira.com\/en\/\"},{\"@type\":\"ListItem\",\"position\":2,\"name\":\"Events\",\"item\":\"https:\/\/eventsmadeira.com\/en\/event\/\"},{\"@type\":\"ListItem\",\"position\":3,\"name\":\"Flower Festival\"}]},{\"@type\":\"WebSite\",\"@id\":\"https:\/\/eventsmadeira.com\/en\/#website\",\"url\":\"https:\/\/eventsmadeira.com\/en\/\",\"name\":\"Events Madeira\",\"description\":\"\",\"potentialAction\":[{\"@type\":\"SearchAction\",\"target\":{\"@type\":\"EntryPoint\",\"urlTemplate\":\"https:\/\/eventsmadeira.com\/en\/?s={search_term_string}\"},\"query-input\":{\"@type\":\"PropertyValueSpecification\",\"valueRequired\":true,\"valueName\":\"search_term_string\"}}],\"inLanguage\":\"en-US\"}]}<\/script>\n","yoast_head_json":{"title":"Flower Festival - Events Madeira","robots":{"index":"index","follow":"follow","max-snippet":"max-snippet:-1","max-image-preview":"max-image-preview:large","max-video-preview":"max-video-preview:-1"},"canonical":"https:\/\/eventsmadeira.com\/en\/event\/flower-festival-2\/","og_locale":"en_US","og_type":"article","og_title":"Flower Festival - Events Madeira","og_description":"It is undoubtedly the most emblematic event in the Madeira archipelago and also the most colourful. For several weeks, Funchal is filled with the scent of flowers and the joy of thousands of tourists who come here. The construction of...","og_url":"https:\/\/eventsmadeira.com\/en\/event\/flower-festival-2\/","og_site_name":"Events Madeira","article_modified_time":"2026-04-27T16:33:33+00:00","og_image":[{"width":1920,"height":1080,"url":"https:\/\/eventsmadeira.com\/oordypsa\/2020\/12\/banners-visitmadeira-1920x1080-8.jpg","type":"image\/jpeg"}],"twitter_card":"summary_large_image","twitter_misc":{"Est. reading time":"6 minutes"},"schema":{"@context":"https:\/\/schema.org","@graph":[{"@type":"WebPage","@id":"https:\/\/eventsmadeira.com\/en\/event\/flower-festival-2\/","url":"https:\/\/eventsmadeira.com\/en\/event\/flower-festival-2\/","name":"Flower Festival - Events Madeira","isPartOf":{"@id":"https:\/\/eventsmadeira.com\/en\/#website"},"primaryImageOfPage":{"@id":"https:\/\/eventsmadeira.com\/en\/event\/flower-festival-2\/#primaryimage"},"image":{"@id":"https:\/\/eventsmadeira.com\/en\/event\/flower-festival-2\/#primaryimage"},"thumbnailUrl":"https:\/\/eventsmadeira.com\/oordypsa\/2020\/12\/banners-visitmadeira-1920x1080-8.jpg","datePublished":"2020-12-10T00:44:55+00:00","dateModified":"2026-04-27T16:33:33+00:00","breadcrumb":{"@id":"https:\/\/eventsmadeira.com\/en\/event\/flower-festival-2\/#breadcrumb"},"inLanguage":"en-US","potentialAction":[{"@type":"ReadAction","target":["https:\/\/eventsmadeira.com\/en\/event\/flower-festival-2\/"]}]},{"@type":"ImageObject","inLanguage":"en-US","@id":"https:\/\/eventsmadeira.com\/en\/event\/flower-festival-2\/#primaryimage","url":"https:\/\/eventsmadeira.com\/oordypsa\/2020\/12\/banners-visitmadeira-1920x1080-8.jpg","contentUrl":"https:\/\/eventsmadeira.com\/oordypsa\/2020\/12\/banners-visitmadeira-1920x1080-8.jpg","width":1920,"height":1080},{"@type":"BreadcrumbList","@id":"https:\/\/eventsmadeira.com\/en\/event\/flower-festival-2\/#breadcrumb","itemListElement":[{"@type":"ListItem","position":1,"name":"Home","item":"https:\/\/eventsmadeira.com\/en\/"},{"@type":"ListItem","position":2,"name":"Events","item":"https:\/\/eventsmadeira.com\/en\/event\/"},{"@type":"ListItem","position":3,"name":"Flower Festival"}]},{"@type":"WebSite","@id":"https:\/\/eventsmadeira.com\/en\/#website","url":"https:\/\/eventsmadeira.com\/en\/","name":"Events Madeira","description":"","potentialAction":[{"@type":"SearchAction","target":{"@type":"EntryPoint","urlTemplate":"https:\/\/eventsmadeira.com\/en\/?s={search_term_string}"},"query-input":{"@type":"PropertyValueSpecification","valueRequired":true,"valueName":"search_term_string"}}],"inLanguage":"en-US"}]}},"_links":{"self":[{"href":"https:\/\/eventsmadeira.com\/en\/wp-json\/wp\/v2\/event\/4965","targetHints":{"allow":["GET"]}}],"collection":[{"href":"https:\/\/eventsmadeira.com\/en\/wp-json\/wp\/v2\/event"}],"about":[{"href":"https:\/\/eventsmadeira.com\/en\/wp-json\/wp\/v2\/types\/event"}],"author":[{"embeddable":true,"href":"https:\/\/eventsmadeira.com\/en\/wp-json\/wp\/v2\/users\/2"}],"replies":[{"embeddable":true,"href":"https:\/\/eventsmadeira.com\/en\/wp-json\/wp\/v2\/comments?post=4965"}],"version-history":[{"count":17,"href":"https:\/\/eventsmadeira.com\/en\/wp-json\/wp\/v2\/event\/4965\/revisions"}],"predecessor-version":[{"id":27773,"href":"https:\/\/eventsmadeira.com\/en\/wp-json\/wp\/v2\/event\/4965\/revisions\/27773"}],"wp:featuredmedia":[{"embeddable":true,"href":"https:\/\/eventsmadeira.com\/en\/wp-json\/wp\/v2\/media\/27356"}],"wp:attachment":[{"href":"https:\/\/eventsmadeira.com\/en\/wp-json\/wp\/v2\/media?parent=4965"}],"wp:term":[{"taxonomy":"eventcat","embeddable":true,"href":"https:\/\/eventsmadeira.com\/en\/wp-json\/wp\/v2\/eventcat?post=4965"},{"taxonomy":"organizer","embeddable":true,"href":"https:\/\/eventsmadeira.com\/en\/wp-json\/wp\/v2\/organizer?post=4965"},{"taxonomy":"event_tags","embeddable":true,"href":"https:\/\/eventsmadeira.com\/en\/wp-json\/wp\/v2\/event_tags?post=4965"},{"taxonomy":"location","embeddable":true,"href":"https:\/\/eventsmadeira.com\/en\/wp-json\/wp\/v2\/location?post=4965"}],"curies":[{"name":"wp","href":"https:\/\/api.w.org\/{rel}","templated":true}]}}